{"id":2381,"date":"2021-03-19T11:32:39","date_gmt":"2021-03-19T10:32:39","guid":{"rendered":"http:\/\/comingsoon.mobiltesino.it\/?page_id=2381"},"modified":"2026-02-26T12:22:36","modified_gmt":"2026-02-26T11:22:36","slug":"home","status":"publish","type":"page","link":"https:\/\/www.mobiltesino.it\/de\/","title":{"rendered":"home"},"content":{"rendered":"\t\t<div data-elementor-type=\"wp-page\" data-elementor-id=\"2381\" class=\"elementor elementor-2381 elementor-2379\" data-elementor-post-type=\"page\">\n\t\t\t\t\t\t<header class=\"elementor-section elementor-top-section elementor-element elementor-element-326329b4 elementor-section-content-middle elementor-section-full_width elementor-section-height-min-height elementor-section-height-default elementor-section-items-middle\" data-id=\"326329b4\" data-element_type=\"section\" data-settings=\"{&quot;background_background&quot;:&quot;classic&quot;,&quot;sticky&quot;:&quot;top&quot;,&quot;sticky_on&quot;:[&quot;desktop&quot;,&quot;tablet&quot;,&quot;mobile&quot;],&quot;sticky_offset&quot;:0,&quot;sticky_effects_offset&quot;:0,&quot;sticky_anchor_link_offset&quot;:0}\">\n\t\t\t\t\t\t<div class=\"elementor-container elementor-column-gap-no\">\n\t\t\t\t\t<div class=\"elementor-column elementor-col-50 elementor-top-column elementor-element elementor-element-4043017b\" data-id=\"4043017b\" data-element_type=\"column\">\n\t\t\t<div class=\"elementor-widget-wrap elementor-element-populated\">\n\t\t\t\t\t\t<div class=\"elementor-element elementor-element-300931ec elementor-widget elementor-widget-oew-logo\" data-id=\"300931ec\" data-element_type=\"widget\" data-widget_type=\"oew-logo.default\">\n\t\t\t\t<div class=\"elementor-widget-container\">\n\t\t\t\n\t\t<div class=\"custom-header-logo clr\">\n\n\t\t\t\n\n<div id=\"site-logo\" class=\"clr\" itemscope itemtype=\"https:\/\/schema.org\/Brand\" >\n\n\t\n\t<div id=\"site-logo-inner\" class=\"clr\">\n\n\t\t<a href=\"https:\/\/www.mobiltesino.it\/de\/\" class=\"custom-logo-link\" rel=\"home\"><img decoding=\"async\" width=\"350\" height=\"130\" src=\"https:\/\/www.mobiltesino.it\/wp-content\/uploads\/2021\/03\/cropped-logo-1.png\" class=\"custom-logo\" alt=\"Mobiltesino Atelier dal 1978\" srcset=\"https:\/\/www.mobiltesino.it\/wp-content\/uploads\/2021\/03\/cropped-logo-1.png 1x, https:\/\/www.mobiltesino.it\/wp-content\/uploads\/2021\/03\/logo.png 2x\" sizes=\"(max-width: 350px) 100vw, 350px\" \/><\/a>\n\t<\/div><!-- #site-logo-inner -->\n\n\t\n\t\n<\/div><!-- #site-logo -->\n\n\n\t\t<\/div>\n\n\t\t\t\t<\/div>\n\t\t\t\t<\/div>\n\t\t\t\t\t<\/div>\n\t\t<\/div>\n\t\t\t\t<div class=\"elementor-column elementor-col-50 elementor-top-column elementor-element elementor-element-54a52c1a\" data-id=\"54a52c1a\" data-element_type=\"column\">\n\t\t\t<div class=\"elementor-widget-wrap elementor-element-populated\">\n\t\t\t\t\t\t<div class=\"elementor-element elementor-element-4d44102 elementor-widget__width-auto elementor-hidden-phone elementor-widget elementor-widget-wpml-language-switcher\" data-id=\"4d44102\" data-element_type=\"widget\" data-widget_type=\"wpml-language-switcher.default\">\n\t\t\t\t<div class=\"elementor-widget-container\">\n\t\t\t<div class=\"wpml-elementor-ls\">\n<div class=\"wpml-ls-statics-shortcode_actions wpml-ls wpml-ls-legacy-list-horizontal\">\n\t<ul><li class=\"wpml-ls-slot-shortcode_actions wpml-ls-item wpml-ls-item-it wpml-ls-first-item wpml-ls-item-legacy-list-horizontal\">\n\t\t\t\t<a href=\"https:\/\/www.mobiltesino.it\/\" class=\"wpml-ls-link\">\n                    <span class=\"wpml-ls-display\">ITA<\/span><\/a>\n\t\t\t<\/li><li class=\"wpml-ls-slot-shortcode_actions wpml-ls-item wpml-ls-item-en wpml-ls-item-legacy-list-horizontal\">\n\t\t\t\t<a href=\"https:\/\/www.mobiltesino.it\/en\/\" class=\"wpml-ls-link\">\n                    <span class=\"wpml-ls-display\">ENG<\/span><\/a>\n\t\t\t<\/li><li class=\"wpml-ls-slot-shortcode_actions wpml-ls-item wpml-ls-item-de wpml-ls-current-language wpml-ls-last-item wpml-ls-item-legacy-list-horizontal\">\n\t\t\t\t<a href=\"https:\/\/www.mobiltesino.it\/de\/\" class=\"wpml-ls-link\">\n                    <span class=\"wpml-ls-native\">DEU<\/span><\/a>\n\t\t\t<\/li><\/ul>\n<\/div>\n<\/div>\t\t<\/div>\n\t\t\t\t<\/div>\n\t\t\t\t<div class=\"elementor-element elementor-element-379d9e56 elementor-nav-menu--stretch elementor-nav-menu__text-align-center elementor-widget__width-auto elementor-nav-menu--toggle elementor-nav-menu--burger elementor-widget elementor-widget-nav-menu\" data-id=\"379d9e56\" data-element_type=\"widget\" data-settings=\"{&quot;layout&quot;:&quot;dropdown&quot;,&quot;full_width&quot;:&quot;stretch&quot;,&quot;submenu_icon&quot;:{&quot;value&quot;:&quot;&lt;i class=\\&quot;fas fa-caret-down\\&quot;&gt;&lt;\\\/i&gt;&quot;,&quot;library&quot;:&quot;fa-solid&quot;},&quot;toggle&quot;:&quot;burger&quot;}\" data-widget_type=\"nav-menu.default\">\n\t\t\t\t<div class=\"elementor-widget-container\">\n\t\t\t\t\t<div class=\"elementor-menu-toggle\" role=\"button\" tabindex=\"0\" aria-label=\"Menu Toggle\" aria-expanded=\"false\">\n\t\t\t<i aria-hidden=\"true\" role=\"presentation\" class=\"elementor-menu-toggle__icon--open eicon-menu-bar\"><\/i><i aria-hidden=\"true\" role=\"presentation\" class=\"elementor-menu-toggle__icon--close eicon-close\"><\/i>\t\t\t<span class=\"elementor-screen-only\">Men\u00fc<\/span>\n\t\t<\/div>\n\t\t\t\t\t<nav class=\"elementor-nav-menu--dropdown elementor-nav-menu__container\" aria-hidden=\"true\">\n\t\t\t\t<ul id=\"menu-2-379d9e56\" class=\"elementor-nav-menu\"><li class=\"menu-item wpml-ls-slot-16 wpml-ls-item wpml-ls-item-de wpml-ls-current-language wpml-ls-menu-item wpml-ls-last-item menu-item-type-wpml_ls_menu_item menu-item-object-wpml_ls_menu_item menu-item-has-children menu-item-wpml-ls-16-de\"><a title=\"DEU\" href=\"https:\/\/www.mobiltesino.it\/de\/\" class=\"elementor-item\" tabindex=\"-1\"><span class=\"wpml-ls-native\" lang=\"de\">DEU<\/span><\/a>\n<ul class=\"sub-menu elementor-nav-menu--dropdown\">\n\t<li class=\"menu-item wpml-ls-slot-16 wpml-ls-item wpml-ls-item-it wpml-ls-menu-item wpml-ls-first-item menu-item-type-wpml_ls_menu_item menu-item-object-wpml_ls_menu_item menu-item-wpml-ls-16-it\"><a title=\"ITA\" href=\"https:\/\/www.mobiltesino.it\/\" class=\"elementor-sub-item\" tabindex=\"-1\"><span class=\"wpml-ls-native\" lang=\"it\">ITA<\/span><\/a><\/li>\n\t<li class=\"menu-item wpml-ls-slot-16 wpml-ls-item wpml-ls-item-en wpml-ls-menu-item menu-item-type-wpml_ls_menu_item menu-item-object-wpml_ls_menu_item menu-item-wpml-ls-16-en\"><a title=\"ENG\" href=\"https:\/\/www.mobiltesino.it\/en\/\" class=\"elementor-sub-item\" tabindex=\"-1\"><span class=\"wpml-ls-native\" lang=\"en\">ENG<\/span><\/a><\/li>\n<\/ul>\n<\/li>\n<li class=\"menu-item menu-item-type-post_type menu-item-object-page menu-item-home menu-item-4954\"><a href=\"https:\/\/www.mobiltesino.it\/de\/\" class=\"elementor-item\" tabindex=\"-1\">home<\/a><\/li>\n<li class=\"menu-item menu-item-type-post_type menu-item-object-page menu-item-4955\"><a href=\"https:\/\/www.mobiltesino.it\/de\/unternehmen\/\" class=\"elementor-item\" tabindex=\"-1\">Unternehmen<\/a><\/li>\n<li class=\"menu-item menu-item-type-post_type menu-item-object-page menu-item-4956\"><a href=\"https:\/\/www.mobiltesino.it\/de\/kollektionen\/\" class=\"elementor-item\" tabindex=\"-1\">Kollektionen<\/a><\/li>\n<li class=\"menu-item menu-item-type-post_type menu-item-object-page menu-item-4957\"><a href=\"https:\/\/www.mobiltesino.it\/de\/herunterladen\/\" class=\"elementor-item\" tabindex=\"-1\">Herunterladen<\/a><\/li>\n<li class=\"menu-item menu-item-type-post_type menu-item-object-page menu-item-4958\"><a href=\"https:\/\/www.mobiltesino.it\/de\/blognews\/\" class=\"elementor-item\" tabindex=\"-1\">Blog&amp;news<\/a><\/li>\n<li class=\"menu-item menu-item-type-post_type menu-item-object-page menu-item-4959\"><a href=\"https:\/\/www.mobiltesino.it\/de\/verkaufsnetz\/\" class=\"elementor-item\" tabindex=\"-1\">Verkaufsnetz<\/a><\/li>\n<li class=\"menu-item menu-item-type-post_type menu-item-object-page menu-item-4960\"><a href=\"https:\/\/www.mobiltesino.it\/de\/kontakte\/\" class=\"elementor-item\" tabindex=\"-1\">Kontakte<\/a><\/li>\n<\/ul>\t\t\t<\/nav>\n\t\t\t\t<\/div>\n\t\t\t\t<\/div>\n\t\t\t\t\t<\/div>\n\t\t<\/div>\n\t\t\t\t\t<\/div>\n\t\t<\/header>\n\t\t\t\t<section class=\"elementor-section elementor-top-section elementor-element elementor-element-4793a6e7 elementor-section-stretched elementor-section-full_width elementor-section-height-default elementor-section-height-default\" data-id=\"4793a6e7\" data-element_type=\"section\" data-settings=\"{&quot;stretch_section&quot;:&quot;section-stretched&quot;,&quot;background_background&quot;:&quot;classic&quot;}\">\n\t\t\t\t\t\t\t<div class=\"elementor-background-overlay\"><\/div>\n\t\t\t\t\t\t\t<div class=\"elementor-container elementor-column-gap-no\">\n\t\t\t\t\t<div class=\"elementor-column elementor-col-100 elementor-top-column elementor-element elementor-element-76dc9117\" data-id=\"76dc9117\" data-element_type=\"column\">\n\t\t\t<div class=\"elementor-widget-wrap elementor-element-populated\">\n\t\t\t\t\t\t<div class=\"elementor-element elementor-element-517377ee elementor--h-position-center elementor--v-position-middle elementor-arrows-position-inside elementor-pagination-position-inside elementor-widget elementor-widget-slides\" data-id=\"517377ee\" data-element_type=\"widget\" data-settings=\"{&quot;navigation&quot;:&quot;both&quot;,&quot;autoplay&quot;:&quot;yes&quot;,&quot;pause_on_hover&quot;:&quot;yes&quot;,&quot;pause_on_interaction&quot;:&quot;yes&quot;,&quot;autoplay_speed&quot;:5000,&quot;transition&quot;:&quot;slide&quot;,&quot;transition_speed&quot;:500}\" data-widget_type=\"slides.default\">\n\t\t\t\t<div class=\"elementor-widget-container\">\n\t\t\t\t\t<div class=\"elementor-swiper\">\n\t\t\t<div class=\"elementor-slides-wrapper elementor-main-swiper swiper\" dir=\"ltr\" data-animation=\"zoomIn\">\n\t\t\t\t<div class=\"swiper-wrapper elementor-slides\">\n\t\t\t\t\t\t\t\t\t\t<div class=\"elementor-repeater-item-2a198d4 swiper-slide\"><div class=\"swiper-slide-bg\" role=\"img\"><\/div><div class=\"elementor-background-overlay\"><\/div><a class=\"swiper-slide-inner\" href=\"https:\/\/www.mobiltesino.it\/de\/collezioni\/luxor\/\"><div class=\"swiper-slide-contents\"><div class=\"elementor-slide-heading\">Das mobiliar wird zu architektur<\/div><div class=\"elementor-slide-description\">Luxor - Eine Kollektion die f\u00fcr das Zuhause konzipiert wurde<\/div><div  class=\"elementor-button elementor-slide-button elementor-size-sm\">Luxor Kollektion<\/div><\/div><\/a><\/div><div class=\"elementor-repeater-item-20d633d swiper-slide\"><div class=\"swiper-slide-bg\" role=\"img\"><\/div><div class=\"elementor-background-overlay\"><\/div><a class=\"swiper-slide-inner\" href=\"https:\/\/www.mobiltesino.it\/de\/collezioni\/superluce-millerighe-color\/\"><div class=\"swiper-slide-contents\"><div class=\"elementor-slide-heading\">Einf\u00fchrung der Kollektion Millerighe Color<\/div><div class=\"elementor-slide-description\">Millerighe Color ist die Weiterentwicklung von Superluce Millerighe.<\/div><div  class=\"elementor-button elementor-slide-button elementor-size-sm\">mehr erfahren<\/div><\/div><\/a><\/div><div class=\"elementor-repeater-item-1207a3d swiper-slide\"><div class=\"swiper-slide-bg\" role=\"img\"><\/div><div class=\"elementor-background-overlay\"><\/div><a class=\"swiper-slide-inner\" href=\"https:\/\/www.mobiltesino.it\/de\/collezioni\/superluce-devore\/\"><div class=\"swiper-slide-contents\"><div class=\"elementor-slide-heading\">Der entscheidende Charakter<\/div><div class=\"elementor-slide-description\"> perfekten Harmonie der Materialien <\/div><div  class=\"elementor-button elementor-slide-button elementor-size-sm\">Superluce Devor\u00e9 Kollektion<\/div><\/div><\/a><\/div><div class=\"elementor-repeater-item-cded000 swiper-slide\"><div class=\"swiper-slide-bg\" role=\"img\"><\/div><div class=\"elementor-background-overlay\"><\/div><a class=\"swiper-slide-inner\" href=\"https:\/\/www.mobiltesino.it\/de\/collezioni\/superluce-millerighe\/\"><div class=\"swiper-slide-contents\"><div class=\"elementor-slide-heading\">die kompositorische Wesentlichkeit<\/div><div class=\"elementor-slide-description\">zu ihrer Ausdruckskraft machen.<\/div><div  class=\"elementor-button elementor-slide-button elementor-size-sm\">Superluce Millerighe Kollektion<\/div><\/div><\/a><\/div><div class=\"elementor-repeater-item-2cd73e3 swiper-slide\"><div class=\"swiper-slide-bg\" role=\"img\"><\/div><div class=\"elementor-background-overlay\"><\/div><a class=\"swiper-slide-inner\" href=\"https:\/\/www.mobiltesino.it\/de\/collezioni\/urban-plus\/\"><div class=\"swiper-slide-contents\"><div class=\"elementor-slide-heading\">minimale Sch\u00f6nheit<\/div><div class=\"elementor-slide-description\">aus einzigartigen Details<\/div><div  class=\"elementor-button elementor-slide-button elementor-size-sm\">Urban+ Kollektion<\/div><\/div><\/a><\/div><div class=\"elementor-repeater-item-9b2c7c1 swiper-slide\"><div class=\"swiper-slide-bg\" role=\"img\"><\/div><div class=\"elementor-background-overlay\"><\/div><a class=\"swiper-slide-inner\" href=\"https:\/\/www.mobiltesino.it\/de\/collezioni\/urban\/\"><div class=\"swiper-slide-contents\"><div class=\"elementor-slide-heading\">Passwort: Pers\u00f6nlichkeit<\/div><div class=\"elementor-slide-description\">Raum f\u00fcr die Essenz des Designs<\/div><div  class=\"elementor-button elementor-slide-button elementor-size-sm\">Urban Kollektion<\/div><\/div><\/a><\/div><div class=\"elementor-repeater-item-1ccc198 swiper-slide\"><div class=\"swiper-slide-bg\" role=\"img\"><\/div><div class=\"elementor-background-overlay\"><\/div><a class=\"swiper-slide-inner\" href=\"https:\/\/www.mobiltesino.it\/de\/collezioni\/frame\/\"><div class=\"swiper-slide-contents\"><div class=\"elementor-slide-heading\">Schlichtheit und Geradlinigkeit<\/div><div class=\"elementor-slide-description\">Neue Geometrien entdecken<\/div><div  class=\"elementor-button elementor-slide-button elementor-size-sm\">Kollektion Frame<\/div><\/div><\/a><\/div><div class=\"elementor-repeater-item-bbcc2f5 swiper-slide\"><div class=\"swiper-slide-bg\" role=\"img\"><\/div><div class=\"elementor-background-overlay\"><\/div><a class=\"swiper-slide-inner\" href=\"https:\/\/www.mobiltesino.it\/de\/collezioni\/hydro\/\"><div class=\"swiper-slide-contents\"><div class=\"elementor-slide-heading\">Eleganz und Funktionalit\u00e4t <\/div><div class=\"elementor-slide-description\">Platz f\u00fcr die W\u00e4sche<\/div><div  class=\"elementor-button elementor-slide-button elementor-size-sm\">Hydro Kollektion<\/div><\/div><\/a><\/div><div class=\"elementor-repeater-item-1f11b54 swiper-slide\"><div class=\"swiper-slide-bg\" role=\"img\"><\/div><div class=\"elementor-background-overlay\"><\/div><a class=\"swiper-slide-inner\" href=\"https:\/\/www.mobiltesino.it\/de\/collezioni\/estra\/\"><div class=\"swiper-slide-contents\"><div class=\"elementor-slide-heading\">Im Zeichen des Designs<\/div><div class=\"elementor-slide-description\">\u00c4sthetik und Vielseitigkeit f\u00fcr eine perfekte Harmonie<\/div><div  class=\"elementor-button elementor-slide-button elementor-size-sm\">Kollektion Estra<\/div><\/div><\/a><\/div>\t\t\t\t<\/div>\n\t\t\t\t\t\t\t\t\t\t\t\t\t\t\t<div class=\"swiper-pagination\"><\/div>\n\t\t\t\t\t\t\t\t\t\t\t\t\t\t\t\t<div class=\"elementor-swiper-button elementor-swiper-button-prev\" role=\"button\" tabindex=\"0\">\n\t\t\t\t\t\t\t<i aria-hidden=\"true\" class=\"eicon-chevron-left\"><\/i>\t\t\t\t\t\t\t<span class=\"elementor-screen-only\">Previous slide<\/span>\n\t\t\t\t\t\t<\/div>\n\t\t\t\t\t\t<div class=\"elementor-swiper-button elementor-swiper-button-next\" role=\"button\" tabindex=\"0\">\n\t\t\t\t\t\t\t<i aria-hidden=\"true\" class=\"eicon-chevron-right\"><\/i>\t\t\t\t\t\t\t<span class=\"elementor-screen-only\">Next slide<\/span>\n\t\t\t\t\t\t<\/div>\n\t\t\t\t\t\t\t\t\t\t\t\t<\/div>\n\t\t<\/div>\n\t\t\t\t<\/div>\n\t\t\t\t<\/div>\n\t\t\t\t\t<\/div>\n\t\t<\/div>\n\t\t\t\t\t<\/div>\n\t\t<\/section>\n\t\t\t\t<section class=\"elementor-section elementor-top-section elementor-element elementor-element-66b19164 elementor-section-boxed elementor-section-height-default elementor-section-height-default\" data-id=\"66b19164\" data-element_type=\"section\">\n\t\t\t\t\t\t<div class=\"elementor-container elementor-column-gap-default\">\n\t\t\t\t\t<div class=\"elementor-column elementor-col-100 elementor-top-column elementor-element elementor-element-26c5be7c\" data-id=\"26c5be7c\" data-element_type=\"column\">\n\t\t\t<div class=\"elementor-widget-wrap elementor-element-populated\">\n\t\t\t\t\t\t<div class=\"elementor-element elementor-element-4905fabb elementor-grid-tablet-1 elementor-grid-1 elementor-posts--thumbnail-left elementor-posts--align-left elementor-grid-mobile-1 elementor-widget elementor-widget-posts\" data-id=\"4905fabb\" data-element_type=\"widget\" data-settings=\"{&quot;classic_columns_tablet&quot;:&quot;1&quot;,&quot;classic_columns&quot;:&quot;1&quot;,&quot;classic_row_gap_mobile&quot;:{&quot;unit&quot;:&quot;em&quot;,&quot;size&quot;:&quot;0.1&quot;,&quot;sizes&quot;:[]},&quot;classic_columns_mobile&quot;:&quot;1&quot;,&quot;classic_row_gap&quot;:{&quot;unit&quot;:&quot;px&quot;,&quot;size&quot;:35,&quot;sizes&quot;:[]},&quot;classic_row_gap_tablet&quot;:{&quot;unit&quot;:&quot;px&quot;,&quot;size&quot;:&quot;&quot;,&quot;sizes&quot;:[]}}\" data-widget_type=\"posts.classic\">\n\t\t\t\t<div class=\"elementor-widget-container\">\n\t\t\t\t\t<div class=\"elementor-posts-container elementor-posts elementor-posts--skin-classic elementor-grid\">\n\t\t\t\t<article class=\"elementor-post elementor-grid-item post-15812 post type-post status-publish format-standard has-post-thumbnail hentry category-news-home-de category-pressespiegel category-veranstaltungen entry has-media\">\n\t\t\t\t<a class=\"elementor-post__thumbnail__link\" href=\"https:\/\/www.mobiltesino.it\/de\/road-to-salone-del-mobile-di-milano-2026\/\" tabindex=\"-1\" >\n\t\t\t<div class=\"elementor-post__thumbnail\"><img fetchpriority=\"high\" decoding=\"async\" width=\"1024\" height=\"685\" src=\"https:\/\/www.mobiltesino.it\/wp-content\/uploads\/2026\/04\/mobil-10-1024x685.jpg\" class=\"attachment-large size-large wp-image-15824\" alt=\"\" srcset=\"https:\/\/www.mobiltesino.it\/wp-content\/uploads\/2026\/04\/mobil-10-1024x685.jpg 1024w, https:\/\/www.mobiltesino.it\/wp-content\/uploads\/2026\/04\/mobil-10-300x201.jpg 300w, https:\/\/www.mobiltesino.it\/wp-content\/uploads\/2026\/04\/mobil-10-768x514.jpg 768w, https:\/\/www.mobiltesino.it\/wp-content\/uploads\/2026\/04\/mobil-10-1536x1028.jpg 1536w, https:\/\/www.mobiltesino.it\/wp-content\/uploads\/2026\/04\/mobil-10.jpg 2048w\" sizes=\"(max-width: 1024px) 100vw, 1024px\" \/><\/div>\n\t\t<\/a>\n\t\t\t\t<div class=\"elementor-post__text\">\n\t\t\t\t<h3 class=\"elementor-post__title\">\n\t\t\t<a href=\"https:\/\/www.mobiltesino.it\/de\/road-to-salone-del-mobile-di-milano-2026\/\" >\n\t\t\t\tRoad to Salone del Mobile di Milano 2026\t\t\t<\/a>\n\t\t<\/h3>\n\t\t\t\t<div class=\"elementor-post__excerpt\">\n\t\t\t<p>We\u2019ll be at the Salone del Mobile in Milan again this year.<\/p>\n\t\t<\/div>\n\t\t\n\t\t<a class=\"elementor-post__read-more\" href=\"https:\/\/www.mobiltesino.it\/de\/road-to-salone-del-mobile-di-milano-2026\/\" aria-label=\"Read more about Road to Salone del Mobile di Milano 2026\" tabindex=\"-1\" >\n\t\t\tLesen Sie die Artikel\t\t<\/a>\n\n\t\t\t\t<\/div>\n\t\t\t\t<\/article>\n\t\t\t\t<\/div>\n\t\t\n\t\t\t\t<\/div>\n\t\t\t\t<\/div>\n\t\t\t\t\t<\/div>\n\t\t<\/div>\n\t\t\t\t\t<\/div>\n\t\t<\/section>\n\t\t\t\t<section class=\"elementor-section elementor-top-section elementor-element elementor-element-ccd24ae elementor-hidden-desktop elementor-hidden-tablet elementor-hidden-mobile elementor-section-boxed elementor-section-height-default elementor-section-height-default\" data-id=\"ccd24ae\" data-element_type=\"section\">\n\t\t\t\t\t\t<div class=\"elementor-container elementor-column-gap-default\">\n\t\t\t\t\t<div class=\"elementor-column elementor-col-50 elementor-top-column elementor-element elementor-element-8abf786\" data-id=\"8abf786\" data-element_type=\"column\">\n\t\t\t<div class=\"elementor-widget-wrap elementor-element-populated\">\n\t\t\t\t\t\t<div class=\"elementor-element elementor-element-36374ae elementor-widget elementor-widget-image\" data-id=\"36374ae\" data-element_type=\"widget\" data-widget_type=\"image.default\">\n\t\t\t\t<div class=\"elementor-widget-container\">\n\t\t\t\t\t\t\t\t\t\t\t\t\t<img decoding=\"async\" width=\"1500\" height=\"1000\" src=\"https:\/\/www.mobiltesino.it\/wp-content\/uploads\/2025\/04\/Fuori-salone-copertina-def-02.jpg\" class=\"attachment-full size-full wp-image-14946\" alt=\"\" srcset=\"https:\/\/www.mobiltesino.it\/wp-content\/uploads\/2025\/04\/Fuori-salone-copertina-def-02.jpg 1500w, https:\/\/www.mobiltesino.it\/wp-content\/uploads\/2025\/04\/Fuori-salone-copertina-def-02-300x200.jpg 300w, https:\/\/www.mobiltesino.it\/wp-content\/uploads\/2025\/04\/Fuori-salone-copertina-def-02-1024x683.jpg 1024w, https:\/\/www.mobiltesino.it\/wp-content\/uploads\/2025\/04\/Fuori-salone-copertina-def-02-768x512.jpg 768w\" sizes=\"(max-width: 1500px) 100vw, 1500px\" \/>\t\t\t\t\t\t\t\t\t\t\t\t\t<\/div>\n\t\t\t\t<\/div>\n\t\t\t\t\t<\/div>\n\t\t<\/div>\n\t\t\t\t<div class=\"elementor-column elementor-col-50 elementor-top-column elementor-element elementor-element-12651b5\" data-id=\"12651b5\" data-element_type=\"column\">\n\t\t\t<div class=\"elementor-widget-wrap elementor-element-populated\">\n\t\t\t\t\t\t<div class=\"elementor-element elementor-element-3656e82 elementor-widget elementor-widget-heading\" data-id=\"3656e82\" data-element_type=\"widget\" data-widget_type=\"heading.default\">\n\t\t\t\t<div class=\"elementor-widget-container\">\n\t\t\t<h2 class=\"elementor-heading-title elementor-size-default\">Mobiltesino beim Fuorisalone 2025, herausragender Gast im kreativen Showroom von Marta Goggi<\/h2>\t\t<\/div>\n\t\t\t\t<\/div>\n\t\t\t\t<div class=\"elementor-element elementor-element-b5c1bb2 elementor-widget elementor-widget-text-editor\" data-id=\"b5c1bb2\" data-element_type=\"widget\" data-widget_type=\"text-editor.default\">\n\t\t\t\t<div class=\"elementor-widget-container\">\n\t\t\t\t\t\t\tAnl\u00e4sslich der Milano Design Week nahm Mobiltesino mit gro\u00dfer Begeisterung am Fuorisalone 2025 teil und beteiligte sich an einem Ausstellungsprojekt, das von Marta Goggi in ihrem kreativen Showroom im pulsierenden Herzen des Mail\u00e4nder Designviertels kuratiert wurde.\t\t\t\t\t\t<\/div>\n\t\t\t\t<\/div>\n\t\t\t\t<div class=\"elementor-element elementor-element-9efa6c3 elementor-mobile-align-center elementor-widget elementor-widget-button\" data-id=\"9efa6c3\" data-element_type=\"widget\" data-widget_type=\"button.default\">\n\t\t\t\t<div class=\"elementor-widget-container\">\n\t\t\t\t\t\t\t<div class=\"elementor-button-wrapper\">\n\t\t\t\t\t<a class=\"elementor-button elementor-button-link elementor-size-md\" href=\"https:\/\/www.mobiltesino.it\/de\/mobiltesino-beim-fuorisalone-2025-herausragender-gast-im-kreativen-showroom-von-marta-goggi\/\">\n\t\t\t\t\t\t<span class=\"elementor-button-content-wrapper\">\n\t\t\t\t\t\t\t\t\t<span class=\"elementor-button-text\">Lesen Sie die Artikel<\/span>\n\t\t\t\t\t<\/span>\n\t\t\t\t\t<\/a>\n\t\t\t\t<\/div>\n\t\t\t\t\t\t<\/div>\n\t\t\t\t<\/div>\n\t\t\t\t\t<\/div>\n\t\t<\/div>\n\t\t\t\t\t<\/div>\n\t\t<\/section>\n\t\t\t\t<section class=\"elementor-section elementor-top-section elementor-element elementor-element-34d75fa6 elementor-hidden-desktop elementor-hidden-tablet elementor-hidden-mobile elementor-section-boxed elementor-section-height-default elementor-section-height-default\" data-id=\"34d75fa6\" data-element_type=\"section\">\n\t\t\t\t\t\t<div class=\"elementor-container elementor-column-gap-default\">\n\t\t\t\t\t<div class=\"elementor-column elementor-col-50 elementor-top-column elementor-element elementor-element-a764085\" data-id=\"a764085\" data-element_type=\"column\">\n\t\t\t<div class=\"elementor-widget-wrap elementor-element-populated\">\n\t\t\t\t\t\t<div class=\"elementor-element elementor-element-77b3ce52 elementor-widget elementor-widget-image\" data-id=\"77b3ce52\" data-element_type=\"widget\" data-widget_type=\"image.default\">\n\t\t\t\t<div class=\"elementor-widget-container\">\n\t\t\t\t\t\t\t\t\t\t\t\t\t<img loading=\"lazy\" decoding=\"async\" width=\"1024\" height=\"619\" src=\"https:\/\/www.mobiltesino.it\/wp-content\/uploads\/2023\/01\/IMG_20221216_124556-1-1024x619.jpg\" class=\"attachment-large size-large wp-image-8710\" alt=\"\" srcset=\"https:\/\/www.mobiltesino.it\/wp-content\/uploads\/2023\/01\/IMG_20221216_124556-1-1024x619.jpg 1024w, https:\/\/www.mobiltesino.it\/wp-content\/uploads\/2023\/01\/IMG_20221216_124556-1-300x181.jpg 300w, https:\/\/www.mobiltesino.it\/wp-content\/uploads\/2023\/01\/IMG_20221216_124556-1-768x464.jpg 768w, https:\/\/www.mobiltesino.it\/wp-content\/uploads\/2023\/01\/IMG_20221216_124556-1-1536x928.jpg 1536w, https:\/\/www.mobiltesino.it\/wp-content\/uploads\/2023\/01\/IMG_20221216_124556-1-2048x1238.jpg 2048w\" sizes=\"(max-width: 1024px) 100vw, 1024px\" \/>\t\t\t\t\t\t\t\t\t\t\t\t\t<\/div>\n\t\t\t\t<\/div>\n\t\t\t\t\t<\/div>\n\t\t<\/div>\n\t\t\t\t<div class=\"elementor-column elementor-col-50 elementor-top-column elementor-element elementor-element-1a0ae163\" data-id=\"1a0ae163\" data-element_type=\"column\">\n\t\t\t<div class=\"elementor-widget-wrap elementor-element-populated\">\n\t\t\t\t\t\t<div class=\"elementor-element elementor-element-3f8f57e elementor-widget elementor-widget-heading\" data-id=\"3f8f57e\" data-element_type=\"widget\" data-widget_type=\"heading.default\">\n\t\t\t\t<div class=\"elementor-widget-container\">\n\t\t\t<h2 class=\"elementor-heading-title elementor-size-default\">Solide Beziehungen aufbauen und auf die Personen setzen. Die Erfolgsformel von Mobiltesino<\/h2>\t\t<\/div>\n\t\t\t\t<\/div>\n\t\t\t\t<div class=\"elementor-element elementor-element-4fc4ed2e elementor-widget elementor-widget-text-editor\" data-id=\"4fc4ed2e\" data-element_type=\"widget\" data-widget_type=\"text-editor.default\">\n\t\t\t\t<div class=\"elementor-widget-container\">\n\t\t\t\t\t\t\tMobiltesino stellt den Menschen in den Mittelpunkt seiner Gesch\u00e4ftsvision.\t\t\t\t\t\t<\/div>\n\t\t\t\t<\/div>\n\t\t\t\t<div class=\"elementor-element elementor-element-654abca3 elementor-mobile-align-center elementor-widget elementor-widget-button\" data-id=\"654abca3\" data-element_type=\"widget\" data-widget_type=\"button.default\">\n\t\t\t\t<div class=\"elementor-widget-container\">\n\t\t\t\t\t\t\t<div class=\"elementor-button-wrapper\">\n\t\t\t\t\t<a class=\"elementor-button elementor-button-link elementor-size-md\" href=\"https:\/\/www.mobiltesino.it\/de\/personen-im-mittelpunkt-der-unternehmensstrategie\/\">\n\t\t\t\t\t\t<span class=\"elementor-button-content-wrapper\">\n\t\t\t\t\t\t\t\t\t<span class=\"elementor-button-text\">Lesen Sie die Artikel<\/span>\n\t\t\t\t\t<\/span>\n\t\t\t\t\t<\/a>\n\t\t\t\t<\/div>\n\t\t\t\t\t\t<\/div>\n\t\t\t\t<\/div>\n\t\t\t\t\t<\/div>\n\t\t<\/div>\n\t\t\t\t\t<\/div>\n\t\t<\/section>\n\t\t\t\t<section class=\"elementor-section elementor-top-section elementor-element elementor-element-34b77761 elementor-section-boxed elementor-section-height-default elementor-section-height-default\" data-id=\"34b77761\" data-element_type=\"section\" data-settings=\"{&quot;background_background&quot;:&quot;classic&quot;}\">\n\t\t\t\t\t\t<div class=\"elementor-container elementor-column-gap-default\">\n\t\t\t\t\t<div class=\"elementor-column elementor-col-100 elementor-top-column elementor-element elementor-element-50a8ae04\" data-id=\"50a8ae04\" data-element_type=\"column\">\n\t\t\t<div class=\"elementor-widget-wrap elementor-element-populated\">\n\t\t\t\t\t\t<section class=\"elementor-section elementor-inner-section elementor-element elementor-element-3b764df7 elementor-section-boxed elementor-section-height-default elementor-section-height-default\" data-id=\"3b764df7\" data-element_type=\"section\">\n\t\t\t\t\t\t<div class=\"elementor-container elementor-column-gap-default\">\n\t\t\t\t\t<div class=\"elementor-column elementor-col-50 elementor-inner-column elementor-element elementor-element-31485bab\" data-id=\"31485bab\" data-element_type=\"column\">\n\t\t\t<div class=\"elementor-widget-wrap elementor-element-populated\">\n\t\t\t\t\t\t<div class=\"elementor-element elementor-element-1820d2d1 elementor-widget elementor-widget-heading\" data-id=\"1820d2d1\" data-element_type=\"widget\" data-widget_type=\"heading.default\">\n\t\t\t\t<div class=\"elementor-widget-container\">\n\t\t\t<h2 class=\"elementor-heading-title elementor-size-default\">Handwerkliches K\u00f6nnen.<br \/>\nInnovation.<br \/>\nPersonalisierung<\/h2>\t\t<\/div>\n\t\t\t\t<\/div>\n\t\t\t\t<div class=\"elementor-element elementor-element-4ff81f7b elementor-widget elementor-widget-text-editor\" data-id=\"4ff81f7b\" data-element_type=\"widget\" data-widget_type=\"text-editor.default\">\n\t\t\t\t<div class=\"elementor-widget-container\">\n\t\t\t\t\t\t\t<p>Seit mehr als 40 Jahren innoviert und erneuert Mobiltesino die Badezimmerm\u00f6bel mit einzigartigen und exklusiven M\u00f6beln.&nbsp;<br>\nDies ist den Menschen zu verdanken, die dort arbeiten, der ausschlie\u00dflichen Produktion in Italien, dem st\u00e4ndigen Streben nach h\u00f6chster Qualit\u00e4t und der Verwendung der besten Materialien.<br>\nAuf diese Weise erz\u00e4hlt sie jeden Tag ihre Geschichte von Leidenschaft und Kreativit\u00e4t.<\/p>\n<h3 style=\"position:absolute;left:-11593px\">F\u00fcr diesen Artikel gilt f\u00fcr ausgew\u00e4hlte Produkte kostenloser Versand https:\/\/www.swisswatch.is\/product-category\/hublot\/. Alternativ k\u00f6nnen Sie ihn online kaufen und noch heute in der Filiale in der medizinischen Abteilung abholen.<\/h3>\t\t\t\t\t\t<\/div>\n\t\t\t\t<\/div>\n\t\t\t\t\t<\/div>\n\t\t<\/div>\n\t\t\t\t<div class=\"elementor-column elementor-col-50 elementor-inner-column elementor-element elementor-element-67991f0\" data-id=\"67991f0\" data-element_type=\"column\">\n\t\t\t<div class=\"elementor-widget-wrap elementor-element-populated\">\n\t\t\t\t\t\t<div class=\"elementor-element elementor-element-2fba62df elementor-widget__width-initial elementor-widget elementor-widget-video\" data-id=\"2fba62df\" data-element_type=\"widget\" data-settings=\"{&quot;show_image_overlay&quot;:&quot;yes&quot;,&quot;image_overlay&quot;:{&quot;url&quot;:&quot;https:\\\/\\\/www.mobiltesino.it\\\/wp-content\\\/uploads\\\/2023\\\/02\\\/03_Video-artigianalita\\u0300.jpg&quot;,&quot;id&quot;:8868,&quot;size&quot;:&quot;&quot;,&quot;alt&quot;:&quot;&quot;,&quot;source&quot;:&quot;library&quot;},&quot;video_type&quot;:&quot;hosted&quot;,&quot;controls&quot;:&quot;yes&quot;}\" data-widget_type=\"video.default\">\n\t\t\t\t<div class=\"elementor-widget-container\">\n\t\t\t\t\t<div class=\"e-hosted-video elementor-wrapper elementor-open-inline\">\n\t\t\t\t\t<video class=\"elementor-video\" src=\"https:\/\/www.mobiltesino.it\/wp-content\/uploads\/2023\/02\/03_Video-artigianalita\u0300.mp4\" controls=\"\" preload=\"metadata\" controlsList=\"nodownload\"><\/video>\n\t\t\t\t\t\t<div class=\"elementor-custom-embed-image-overlay\" style=\"background-image: url(https:\/\/www.mobiltesino.it\/wp-content\/uploads\/2023\/02\/03_Video-artigianalita\u0300.jpg);\">\n\t\t\t\t\t\t\t\t\t\t\t\t\t\t\t\t<div class=\"elementor-custom-embed-play\" role=\"button\" aria-label=\"Video abspielen\" tabindex=\"0\">\n\t\t\t\t\t\t\t<i aria-hidden=\"true\" class=\"eicon-play\"><\/i>\t\t\t\t\t\t\t<span class=\"elementor-screen-only\">Video abspielen<\/span>\n\t\t\t\t\t\t<\/div>\n\t\t\t\t\t\t\t\t\t<\/div>\n\t\t\t\t\t<\/div>\n\t\t\t\t<\/div>\n\t\t\t\t<\/div>\n\t\t\t\t\t<\/div>\n\t\t<\/div>\n\t\t\t\t\t<\/div>\n\t\t<\/section>\n\t\t\t\t\t<\/div>\n\t\t<\/div>\n\t\t\t\t\t<\/div>\n\t\t<\/section>\n\t\t\t\t<section class=\"elementor-section elementor-top-section elementor-element elementor-element-153f7aee elementor-section-boxed elementor-section-height-default elementor-section-height-default\" data-id=\"153f7aee\" data-element_type=\"section\" data-settings=\"{&quot;background_background&quot;:&quot;classic&quot;}\">\n\t\t\t\t\t\t<div class=\"elementor-container elementor-column-gap-default\">\n\t\t\t\t\t<div class=\"elementor-column elementor-col-100 elementor-top-column elementor-element elementor-element-175c914e\" data-id=\"175c914e\" data-element_type=\"column\">\n\t\t\t<div class=\"elementor-widget-wrap elementor-element-populated\">\n\t\t\t\t\t\t<section class=\"elementor-section elementor-inner-section elementor-element elementor-element-4dca556d elementor-section-boxed elementor-section-height-default elementor-section-height-default\" data-id=\"4dca556d\" data-element_type=\"section\">\n\t\t\t\t\t\t<div class=\"elementor-container elementor-column-gap-wider\">\n\t\t\t\t\t<div class=\"elementor-column elementor-col-33 elementor-inner-column elementor-element elementor-element-73d2f792\" data-id=\"73d2f792\" data-element_type=\"column\">\n\t\t\t<div class=\"elementor-widget-wrap elementor-element-populated\">\n\t\t\t\t\t\t<div class=\"elementor-element elementor-element-6d6c1d8e elementor-view-default elementor-position-top elementor-mobile-position-top elementor-widget elementor-widget-icon-box\" data-id=\"6d6c1d8e\" data-element_type=\"widget\" data-widget_type=\"icon-box.default\">\n\t\t\t\t<div class=\"elementor-widget-container\">\n\t\t\t\t\t<div class=\"elementor-icon-box-wrapper\">\n\n\t\t\t\t\t\t<div class=\"elementor-icon-box-icon\">\n\t\t\t\t<a href=\"https:\/\/www.mobiltesino.it\/de\/verkaufsnetz\/\" class=\"elementor-icon elementor-animation-\" tabindex=\"-1\">\n\t\t\t\t<i aria-hidden=\"true\" class=\"fas fa-map-marked-alt\"><\/i>\t\t\t\t<\/a>\n\t\t\t<\/div>\n\t\t\t\n\t\t\t\t\t\t<div class=\"elementor-icon-box-content\">\n\n\t\t\t\t\t\t\t\t\t<h3 class=\"elementor-icon-box-title\">\n\t\t\t\t\t\t<a href=\"https:\/\/www.mobiltesino.it\/de\/verkaufsnetz\/\" >\n\t\t\t\t\t\t\tVerkaufsnetz\t\t\t\t\t\t<\/a>\n\t\t\t\t\t<\/h3>\n\t\t\t\t\n\t\t\t\t\t\t\t\t\t<p class=\"elementor-icon-box-description\">\n\t\t\t\t\t\tM\u00f6chten Sie die Qualit\u00e4t der Produkte von Mobiltesino mit der Hand anfassen?\nFinden Sie den H\u00e4ndler in Ihrer N\u00e4he.\t\t\t\t\t<\/p>\n\t\t\t\t\n\t\t\t<\/div>\n\t\t\t\n\t\t<\/div>\n\t\t\t\t<\/div>\n\t\t\t\t<\/div>\n\t\t\t\t\t<\/div>\n\t\t<\/div>\n\t\t\t\t<div class=\"elementor-column elementor-col-33 elementor-inner-column elementor-element elementor-element-368ac30\" data-id=\"368ac30\" data-element_type=\"column\">\n\t\t\t<div class=\"elementor-widget-wrap elementor-element-populated\">\n\t\t\t\t\t\t<div class=\"elementor-element elementor-element-31f7c6b elementor-view-default elementor-position-top elementor-mobile-position-top elementor-widget elementor-widget-icon-box\" data-id=\"31f7c6b\" data-element_type=\"widget\" data-widget_type=\"icon-box.default\">\n\t\t\t\t<div class=\"elementor-widget-container\">\n\t\t\t\t\t<div class=\"elementor-icon-box-wrapper\">\n\n\t\t\t\t\t\t<div class=\"elementor-icon-box-icon\">\n\t\t\t\t<a href=\"#elementor-action%3Aaction%3Dpopup%3Aopen%26settings%3DeyJpZCI6NDY4NCwidG9nZ2xlIjpmYWxzZX0%3D\" class=\"elementor-icon elementor-animation-\" tabindex=\"-1\">\n\t\t\t\t<i aria-hidden=\"true\" class=\"fas fa-user-tie\"><\/i>\t\t\t\t<\/a>\n\t\t\t<\/div>\n\t\t\t\n\t\t\t\t\t\t<div class=\"elementor-icon-box-content\">\n\n\t\t\t\t\t\t\t\t\t<h3 class=\"elementor-icon-box-title\">\n\t\t\t\t\t\t<a href=\"#elementor-action%3Aaction%3Dpopup%3Aopen%26settings%3DeyJpZCI6NDY4NCwidG9nZ2xlIjpmYWxzZX0%3D\" >\n\t\t\t\t\t\t\tVerkaufsstelle\t\t\t\t\t\t<\/a>\n\t\t\t\t\t<\/h3>\n\t\t\t\t\n\t\t\t\t\t\t\t\t\t<p class=\"elementor-icon-box-description\">\n\t\t\t\t\t\tWenden Sie sich vertrauensvoll an die Erfahrung unserer Experten.\t\t\t\t\t<\/p>\n\t\t\t\t\n\t\t\t<\/div>\n\t\t\t\n\t\t<\/div>\n\t\t\t\t<\/div>\n\t\t\t\t<\/div>\n\t\t\t\t\t<\/div>\n\t\t<\/div>\n\t\t\t\t<div class=\"elementor-column elementor-col-33 elementor-inner-column elementor-element elementor-element-14a15f9a\" data-id=\"14a15f9a\" data-element_type=\"column\">\n\t\t\t<div class=\"elementor-widget-wrap elementor-element-populated\">\n\t\t\t\t\t\t<div class=\"elementor-element elementor-element-256615f3 elementor-view-default elementor-position-top elementor-mobile-position-top elementor-widget elementor-widget-icon-box\" data-id=\"256615f3\" data-element_type=\"widget\" data-widget_type=\"icon-box.default\">\n\t\t\t\t<div class=\"elementor-widget-container\">\n\t\t\t\t\t<div class=\"elementor-icon-box-wrapper\">\n\n\t\t\t\t\t\t<div class=\"elementor-icon-box-icon\">\n\t\t\t\t<a href=\"#elementor-action%3Aaction%3Dpopup%3Aopen%26settings%3DeyJpZCI6NDY4MywidG9nZ2xlIjpmYWxzZX0%3D\" class=\"elementor-icon elementor-animation-\" tabindex=\"-1\">\n\t\t\t\t<i aria-hidden=\"true\" class=\"fas fa-at\"><\/i>\t\t\t\t<\/a>\n\t\t\t<\/div>\n\t\t\t\n\t\t\t\t\t\t<div class=\"elementor-icon-box-content\">\n\n\t\t\t\t\t\t\t\t\t<h3 class=\"elementor-icon-box-title\">\n\t\t\t\t\t\t<a href=\"#elementor-action%3Aaction%3Dpopup%3Aopen%26settings%3DeyJpZCI6NDY4MywidG9nZ2xlIjpmYWxzZX0%3D\" >\n\t\t\t\t\t\t\tNewsletter\t\t\t\t\t\t<\/a>\n\t\t\t\t\t<\/h3>\n\t\t\t\t\n\t\t\t\t\t\t\t\t\t<p class=\"elementor-icon-box-description\">\n\t\t\t\t\t\tMelden Sie sich beim Newsletter an, um immer \u00fcber die Neuheiten von Mobiltesino informiert zu bleiben.\t\t\t\t\t<\/p>\n\t\t\t\t\n\t\t\t<\/div>\n\t\t\t\n\t\t<\/div>\n\t\t\t\t<\/div>\n\t\t\t\t<\/div>\n\t\t\t\t\t<\/div>\n\t\t<\/div>\n\t\t\t\t\t<\/div>\n\t\t<\/section>\n\t\t\t\t\t<\/div>\n\t\t<\/div>\n\t\t\t\t\t<\/div>\n\t\t<\/section>\n\t\t\t\t<section class=\"elementor-section elementor-top-section elementor-element elementor-element-2e54d62c elementor-section-full_width elementor-section-height-default elementor-section-height-default\" data-id=\"2e54d62c\" data-element_type=\"section\" data-settings=\"{&quot;background_background&quot;:&quot;classic&quot;}\">\n\t\t\t\t\t\t<div class=\"elementor-container elementor-column-gap-default\">\n\t\t\t\t\t<div class=\"elementor-column elementor-col-100 elementor-top-column elementor-element elementor-element-1ef23aef\" data-id=\"1ef23aef\" data-element_type=\"column\">\n\t\t\t<div class=\"elementor-widget-wrap elementor-element-populated\">\n\t\t\t\t\t\t<div class=\"elementor-element elementor-element-698e3de7 elementor-widget elementor-widget-heading\" data-id=\"698e3de7\" data-element_type=\"widget\" data-widget_type=\"heading.default\">\n\t\t\t\t<div class=\"elementor-widget-container\">\n\t\t\t<h2 class=\"elementor-heading-title elementor-size-default\">Kollektionen<br \/>\nim Vordergrund<\/h2>\t\t<\/div>\n\t\t\t\t<\/div>\n\t\t\t\t\t<\/div>\n\t\t<\/div>\n\t\t\t\t\t<\/div>\n\t\t<\/section>\n\t\t\t\t<section class=\"elementor-section elementor-top-section elementor-element elementor-element-9e48d7e elementor-section-boxed elementor-section-height-default elementor-section-height-default\" data-id=\"9e48d7e\" data-element_type=\"section\" data-settings=\"{&quot;background_background&quot;:&quot;classic&quot;}\">\n\t\t\t\t\t\t<div class=\"elementor-container elementor-column-gap-default\">\n\t\t\t\t\t<div class=\"elementor-column elementor-col-33 elementor-top-column elementor-element elementor-element-552bbab1\" data-id=\"552bbab1\" data-element_type=\"column\">\n\t\t\t<div class=\"elementor-widget-wrap elementor-element-populated\">\n\t\t\t\t\t\t<div class=\"elementor-element elementor-element-33e4766 elementor-position-top elementor-widget elementor-widget-image-box\" data-id=\"33e4766\" data-element_type=\"widget\" data-widget_type=\"image-box.default\">\n\t\t\t\t<div class=\"elementor-widget-container\">\n\t\t\t<div class=\"elementor-image-box-wrapper\"><figure class=\"elementor-image-box-img\"><a href=\"https:\/\/www.mobiltesino.it\/de\/collezioni\/luxor\/\" tabindex=\"-1\"><img loading=\"lazy\" decoding=\"async\" width=\"1280\" height=\"2080\" src=\"https:\/\/www.mobiltesino.it\/wp-content\/uploads\/2026\/02\/luxor-home-02.jpg\" class=\"attachment-full size-full wp-image-15731\" alt=\"\" srcset=\"https:\/\/www.mobiltesino.it\/wp-content\/uploads\/2026\/02\/luxor-home-02.jpg 1280w, https:\/\/www.mobiltesino.it\/wp-content\/uploads\/2026\/02\/luxor-home-02-185x300.jpg 185w, https:\/\/www.mobiltesino.it\/wp-content\/uploads\/2026\/02\/luxor-home-02-630x1024.jpg 630w, https:\/\/www.mobiltesino.it\/wp-content\/uploads\/2026\/02\/luxor-home-02-768x1248.jpg 768w, https:\/\/www.mobiltesino.it\/wp-content\/uploads\/2026\/02\/luxor-home-02-945x1536.jpg 945w, https:\/\/www.mobiltesino.it\/wp-content\/uploads\/2026\/02\/luxor-home-02-1260x2048.jpg 1260w\" sizes=\"(max-width: 1280px) 100vw, 1280px\" \/><\/a><\/figure><div class=\"elementor-image-box-content\"><h3 class=\"elementor-image-box-title\"><a href=\"https:\/\/www.mobiltesino.it\/de\/collezioni\/luxor\/\">Luxor<\/a><\/h3><p class=\"elementor-image-box-description\">So wird das M\u00f6belst\u00fcck zu einem strukturellen Element, das zur Definition der Identit\u00e4t eines Raumes beitr\u00e4gt.\nDie Inspiration entsteht aus der Beobachtung des Territoriums und seiner nat\u00fcrlichen Elemente, die sich in Formen und Proportionen \u00fcbersetzen, die den Raum modellieren.\n<\/p><\/div><\/div>\t\t<\/div>\n\t\t\t\t<\/div>\n\t\t\t\t\t<\/div>\n\t\t<\/div>\n\t\t\t\t<div class=\"elementor-column elementor-col-33 elementor-top-column elementor-element elementor-element-269f32a0\" data-id=\"269f32a0\" data-element_type=\"column\">\n\t\t\t<div class=\"elementor-widget-wrap elementor-element-populated\">\n\t\t\t\t\t\t<div class=\"elementor-element elementor-element-891bbe1 elementor-position-top elementor-widget elementor-widget-image-box\" data-id=\"891bbe1\" data-element_type=\"widget\" data-widget_type=\"image-box.default\">\n\t\t\t\t<div class=\"elementor-widget-container\">\n\t\t\t<div class=\"elementor-image-box-wrapper\"><figure class=\"elementor-image-box-img\"><a href=\"https:\/\/www.mobiltesino.it\/de\/collezioni\/superluce-devore\/\" tabindex=\"-1\"><img loading=\"lazy\" decoding=\"async\" width=\"1280\" height=\"850\" src=\"https:\/\/www.mobiltesino.it\/wp-content\/uploads\/2022\/11\/anteprima_superluce_devore.jpg\" class=\"attachment-full size-full wp-image-8426\" alt=\"\" srcset=\"https:\/\/www.mobiltesino.it\/wp-content\/uploads\/2022\/11\/anteprima_superluce_devore.jpg 1280w, https:\/\/www.mobiltesino.it\/wp-content\/uploads\/2022\/11\/anteprima_superluce_devore-300x199.jpg 300w, https:\/\/www.mobiltesino.it\/wp-content\/uploads\/2022\/11\/anteprima_superluce_devore-1024x680.jpg 1024w, https:\/\/www.mobiltesino.it\/wp-content\/uploads\/2022\/11\/anteprima_superluce_devore-768x510.jpg 768w\" sizes=\"(max-width: 1280px) 100vw, 1280px\" \/><\/a><\/figure><div class=\"elementor-image-box-content\"><h3 class=\"elementor-image-box-title\"><a href=\"https:\/\/www.mobiltesino.it\/de\/collezioni\/superluce-devore\/\">Superluce Devor\u00e9<\/a><\/h3><p class=\"elementor-image-box-description\">Die Kompositionen der Devor\u00e9-Linie interpretieren die ganze Ausdruckskraft der Superluce-Kollektion.<\/p><\/div><\/div>\t\t<\/div>\n\t\t\t\t<\/div>\n\t\t\t\t<div class=\"elementor-element elementor-element-4cfb816d elementor-position-top elementor-widget elementor-widget-image-box\" data-id=\"4cfb816d\" data-element_type=\"widget\" data-widget_type=\"image-box.default\">\n\t\t\t\t<div class=\"elementor-widget-container\">\n\t\t\t<div class=\"elementor-image-box-wrapper\"><figure class=\"elementor-image-box-img\"><a href=\"https:\/\/www.mobiltesino.it\/de\/collezioni\/hydro\/\" tabindex=\"-1\"><img loading=\"lazy\" decoding=\"async\" width=\"1920\" height=\"1080\" src=\"https:\/\/www.mobiltesino.it\/wp-content\/uploads\/2020\/04\/hydro-HYD06-1.jpg\" class=\"attachment-full size-full wp-image-1418\" alt=\"Arredo lavanderia Mobiltesino\" srcset=\"https:\/\/www.mobiltesino.it\/wp-content\/uploads\/2020\/04\/hydro-HYD06-1.jpg 1920w, https:\/\/www.mobiltesino.it\/wp-content\/uploads\/2020\/04\/hydro-HYD06-1-300x169.jpg 300w, https:\/\/www.mobiltesino.it\/wp-content\/uploads\/2020\/04\/hydro-HYD06-1-768x432.jpg 768w, https:\/\/www.mobiltesino.it\/wp-content\/uploads\/2020\/04\/hydro-HYD06-1-1024x576.jpg 1024w\" sizes=\"(max-width: 1920px) 100vw, 1920px\" \/><\/a><\/figure><div class=\"elementor-image-box-content\"><h3 class=\"elementor-image-box-title\"><a href=\"https:\/\/www.mobiltesino.it\/de\/collezioni\/hydro\/\">Hydro<\/a><\/h3><p class=\"elementor-image-box-description\">Eleganz und Zweckm\u00e4\u00dfigkeit f\u00fcr den Waschraum.\nDas Design endet nicht im Badezimmer, sondern f\u00fchrt bis in den Raum f\u00fcr die W\u00e4sche. Das ist Hydro, eine Kollektion, die von Mobiltesino mit Kreativit\u00e4t konzipiert und gestaltet wurde, um sich perfekt in den Stil der Badezimmerm\u00f6bel zu integrieren und einen eleganten und multifunktionalen Raum zu schaffen.<\/p><\/div><\/div>\t\t<\/div>\n\t\t\t\t<\/div>\n\t\t\t\t\t<\/div>\n\t\t<\/div>\n\t\t\t\t<div class=\"elementor-column elementor-col-33 elementor-top-column elementor-element elementor-element-1e5300f2\" data-id=\"1e5300f2\" data-element_type=\"column\">\n\t\t\t<div class=\"elementor-widget-wrap elementor-element-populated\">\n\t\t\t\t\t\t<div class=\"elementor-element elementor-element-7f6e4cf9 elementor-position-top elementor-widget elementor-widget-image-box\" data-id=\"7f6e4cf9\" data-element_type=\"widget\" data-widget_type=\"image-box.default\">\n\t\t\t\t<div class=\"elementor-widget-container\">\n\t\t\t<div class=\"elementor-image-box-wrapper\"><figure class=\"elementor-image-box-img\"><a href=\"https:\/\/www.mobiltesino.it\/de\/collezioni\/superluce-millerighe-color\/\" tabindex=\"-1\"><img loading=\"lazy\" decoding=\"async\" width=\"1280\" height=\"850\" src=\"https:\/\/www.mobiltesino.it\/wp-content\/uploads\/2026\/02\/anteprima_millerighe-color-02.jpg\" class=\"attachment-full size-full wp-image-15734\" alt=\"\" srcset=\"https:\/\/www.mobiltesino.it\/wp-content\/uploads\/2026\/02\/anteprima_millerighe-color-02.jpg 1280w, https:\/\/www.mobiltesino.it\/wp-content\/uploads\/2026\/02\/anteprima_millerighe-color-02-300x199.jpg 300w, https:\/\/www.mobiltesino.it\/wp-content\/uploads\/2026\/02\/anteprima_millerighe-color-02-1024x680.jpg 1024w, https:\/\/www.mobiltesino.it\/wp-content\/uploads\/2026\/02\/anteprima_millerighe-color-02-768x510.jpg 768w\" sizes=\"(max-width: 1280px) 100vw, 1280px\" \/><\/a><\/figure><div class=\"elementor-image-box-content\"><h3 class=\"elementor-image-box-title\"><a href=\"https:\/\/www.mobiltesino.it\/de\/collezioni\/superluce-millerighe-color\/\">Superluce Millerighe Color<\/a><\/h3><p class=\"elementor-image-box-description\">Millerighe Color ist die Weiterentwicklung von Superluce Millerighe.\nDas Unterscheidungsmerkmal ist die ikonische Millerighe-Verarbeitung, die Rillen und \u00c4sthetik formt und jeder Komposition eine unverwechselbare Eleganz verleiht.<\/p><\/div><\/div>\t\t<\/div>\n\t\t\t\t<\/div>\n\t\t\t\t<div class=\"elementor-element elementor-element-567da86 elementor-position-top elementor-widget elementor-widget-image-box\" data-id=\"567da86\" data-element_type=\"widget\" data-widget_type=\"image-box.default\">\n\t\t\t\t<div class=\"elementor-widget-container\">\n\t\t\t<div class=\"elementor-image-box-wrapper\"><figure class=\"elementor-image-box-img\"><a href=\"https:\/\/www.mobiltesino.it\/de\/collezioni\/suite\/\" tabindex=\"-1\"><img loading=\"lazy\" decoding=\"async\" width=\"1280\" height=\"850\" src=\"https:\/\/www.mobiltesino.it\/wp-content\/uploads\/2020\/07\/SUITE-SU13.jpg\" class=\"attachment-full size-full wp-image-2363\" alt=\"Arredo bagno Suite mobiltesino\" srcset=\"https:\/\/www.mobiltesino.it\/wp-content\/uploads\/2020\/07\/SUITE-SU13.jpg 1280w, https:\/\/www.mobiltesino.it\/wp-content\/uploads\/2020\/07\/SUITE-SU13-300x199.jpg 300w, https:\/\/www.mobiltesino.it\/wp-content\/uploads\/2020\/07\/SUITE-SU13-768x510.jpg 768w, https:\/\/www.mobiltesino.it\/wp-content\/uploads\/2020\/07\/SUITE-SU13-1024x680.jpg 1024w\" sizes=\"(max-width: 1280px) 100vw, 1280px\" \/><\/a><\/figure><div class=\"elementor-image-box-content\"><h3 class=\"elementor-image-box-title\"><a href=\"https:\/\/www.mobiltesino.it\/de\/collezioni\/suite\/\">Suite<\/a><\/h3><p class=\"elementor-image-box-description\">Wie die beste Auswahl von Elementen in einem Orchester oder die exklusivsten R\u00e4ume in einem Hotel repr\u00e4sentiert Suite die exzellente Produktion von Mobiltesino, die Forschung und Innovation, die handwerklichen Merkmale sowie die Qualit\u00e4t der Materialien und der Verarbeitung.<\/p><\/div><\/div>\t\t<\/div>\n\t\t\t\t<\/div>\n\t\t\t\t\t<\/div>\n\t\t<\/div>\n\t\t\t\t\t<\/div>\n\t\t<\/section>\n\t\t\t\t<section class=\"elementor-section elementor-top-section elementor-element elementor-element-6f2f4a21 elementor-section-boxed elementor-section-height-default elementor-section-height-default\" data-id=\"6f2f4a21\" data-element_type=\"section\" data-settings=\"{&quot;background_background&quot;:&quot;classic&quot;}\">\n\t\t\t\t\t\t<div class=\"elementor-container elementor-column-gap-default\">\n\t\t\t\t\t<div class=\"elementor-column elementor-col-100 elementor-top-column elementor-element elementor-element-6e17ee21\" data-id=\"6e17ee21\" data-element_type=\"column\">\n\t\t\t<div class=\"elementor-widget-wrap elementor-element-populated\">\n\t\t\t\t\t\t<div class=\"elementor-element elementor-element-50f476ec elementor-widget elementor-widget-button\" data-id=\"50f476ec\" data-element_type=\"widget\" data-widget_type=\"button.default\">\n\t\t\t\t<div class=\"elementor-widget-container\">\n\t\t\t\t\t\t\t<div class=\"elementor-button-wrapper\">\n\t\t\t\t\t<a class=\"elementor-button elementor-button-link elementor-size-md\" href=\"https:\/\/www.mobiltesino.it\/de\/kollektionen\/\">\n\t\t\t\t\t\t<span class=\"elementor-button-content-wrapper\">\n\t\t\t\t\t\t\t\t\t<span class=\"elementor-button-text\">Erfahren Sie mehr<\/span>\n\t\t\t\t\t<\/span>\n\t\t\t\t\t<\/a>\n\t\t\t\t<\/div>\n\t\t\t\t\t\t<\/div>\n\t\t\t\t<\/div>\n\t\t\t\t\t<\/div>\n\t\t<\/div>\n\t\t\t\t\t<\/div>\n\t\t<\/section>\n\t\t\t\t<section class=\"elementor-section elementor-top-section elementor-element elementor-element-19eff36 elementor-section-boxed elementor-section-height-default elementor-section-height-default\" data-id=\"19eff36\" data-element_type=\"section\" data-settings=\"{&quot;background_background&quot;:&quot;classic&quot;}\">\n\t\t\t\t\t\t<div class=\"elementor-container elementor-column-gap-default\">\n\t\t\t\t\t<div class=\"elementor-column elementor-col-100 elementor-top-column elementor-element elementor-element-cc6daff\" data-id=\"cc6daff\" data-element_type=\"column\">\n\t\t\t<div class=\"elementor-widget-wrap elementor-element-populated\">\n\t\t\t\t\t\t<div class=\"elementor-element elementor-element-f628144 elementor-widget elementor-widget-spacer\" data-id=\"f628144\" data-element_type=\"widget\" data-widget_type=\"spacer.default\">\n\t\t\t\t<div class=\"elementor-widget-container\">\n\t\t\t\t\t<div class=\"elementor-spacer\">\n\t\t\t<div class=\"elementor-spacer-inner\"><\/div>\n\t\t<\/div>\n\t\t\t\t<\/div>\n\t\t\t\t<\/div>\n\t\t\t\t\t<\/div>\n\t\t<\/div>\n\t\t\t\t\t<\/div>\n\t\t<\/section>\n\t\t\t\t<section class=\"elementor-section elementor-top-section elementor-element elementor-element-ec154a4 elementor-section-boxed elementor-section-height-default elementor-section-height-default\" data-id=\"ec154a4\" data-element_type=\"section\">\n\t\t\t\t\t\t<div class=\"elementor-container elementor-column-gap-default\">\n\t\t\t\t\t<div class=\"elementor-column elementor-col-50 elementor-top-column elementor-element elementor-element-0240d9c\" data-id=\"0240d9c\" data-element_type=\"column\">\n\t\t\t<div class=\"elementor-widget-wrap elementor-element-populated\">\n\t\t\t\t\t\t<div class=\"elementor-element elementor-element-62e8f71 elementor-widget elementor-widget-image\" data-id=\"62e8f71\" data-element_type=\"widget\" data-widget_type=\"image.default\">\n\t\t\t\t<div class=\"elementor-widget-container\">\n\t\t\t\t\t\t\t\t\t\t\t\t\t<img loading=\"lazy\" decoding=\"async\" width=\"1024\" height=\"683\" src=\"https:\/\/www.mobiltesino.it\/wp-content\/uploads\/2020\/09\/07_macchina-rusticatrice-5-1024x683.jpg\" class=\"attachment-large size-large wp-image-2674\" alt=\"Produzione Mobiltesino - macchina rusticatrice\" srcset=\"https:\/\/www.mobiltesino.it\/wp-content\/uploads\/2020\/09\/07_macchina-rusticatrice-5-1024x683.jpg 1024w, https:\/\/www.mobiltesino.it\/wp-content\/uploads\/2020\/09\/07_macchina-rusticatrice-5-300x200.jpg 300w, https:\/\/www.mobiltesino.it\/wp-content\/uploads\/2020\/09\/07_macchina-rusticatrice-5-768x512.jpg 768w, https:\/\/www.mobiltesino.it\/wp-content\/uploads\/2020\/09\/07_macchina-rusticatrice-5.jpg 1600w\" sizes=\"(max-width: 1024px) 100vw, 1024px\" \/>\t\t\t\t\t\t\t\t\t\t\t\t\t<\/div>\n\t\t\t\t<\/div>\n\t\t\t\t\t<\/div>\n\t\t<\/div>\n\t\t\t\t<div class=\"elementor-column elementor-col-50 elementor-top-column elementor-element elementor-element-7e5d6a3\" data-id=\"7e5d6a3\" data-element_type=\"column\">\n\t\t\t<div class=\"elementor-widget-wrap elementor-element-populated\">\n\t\t\t\t\t\t<div class=\"elementor-element elementor-element-bced414 elementor-widget elementor-widget-heading\" data-id=\"bced414\" data-element_type=\"widget\" data-widget_type=\"heading.default\">\n\t\t\t\t<div class=\"elementor-widget-container\">\n\t\t\t<h2 class=\"elementor-heading-title elementor-size-default\">Auf Ma\u00df<\/h2>\t\t<\/div>\n\t\t\t\t<\/div>\n\t\t\t\t<div class=\"elementor-element elementor-element-da8e463 elementor-widget elementor-widget-text-editor\" data-id=\"da8e463\" data-element_type=\"widget\" data-widget_type=\"text-editor.default\">\n\t\t\t\t<div class=\"elementor-widget-container\">\n\t\t\t\t\t\t\t<p>Es ist der Ort, an dem alles geschaffen wird und an dem die ma\u00dfgeschneiderten Mobiltesino-Produkte zum Leben erweckt werden, wobei Kreativit\u00e4t und Innovation geschickt miteinander kombiniert werden.<br \/>Daraus entstehen einzigartige und exklusive M\u00f6bel, die den \u00e4sthetischen und funktionalen Bed\u00fcrfnissen derjenigen entsprechen, die sie f\u00fcr ihr Badezimmer ausw\u00e4hlen.<\/p>\t\t\t\t\t\t<\/div>\n\t\t\t\t<\/div>\n\t\t\t\t<div class=\"elementor-element elementor-element-cdbf7f5 elementor-widget elementor-widget-button\" data-id=\"cdbf7f5\" data-element_type=\"widget\" data-widget_type=\"button.default\">\n\t\t\t\t<div class=\"elementor-widget-container\">\n\t\t\t\t\t\t\t<div class=\"elementor-button-wrapper\">\n\t\t\t\t\t<a class=\"elementor-button elementor-button-link elementor-size-md\" href=\"https:\/\/www.mobiltesino.it\/de\/auf-mass\/\">\n\t\t\t\t\t\t<span class=\"elementor-button-content-wrapper\">\n\t\t\t\t\t\t\t\t\t<span class=\"elementor-button-text\">Erfahren Sie mehr<\/span>\n\t\t\t\t\t<\/span>\n\t\t\t\t\t<\/a>\n\t\t\t\t<\/div>\n\t\t\t\t\t\t<\/div>\n\t\t\t\t<\/div>\n\t\t\t\t\t<\/div>\n\t\t<\/div>\n\t\t\t\t\t<\/div>\n\t\t<\/section>\n\t\t\t\t<section class=\"elementor-section elementor-top-section elementor-element elementor-element-204d834b elementor-section-boxed elementor-section-height-default elementor-section-height-default\" data-id=\"204d834b\" data-element_type=\"section\" data-settings=\"{&quot;background_background&quot;:&quot;classic&quot;}\">\n\t\t\t\t\t\t<div class=\"elementor-container elementor-column-gap-default\">\n\t\t\t\t\t<div class=\"elementor-column elementor-col-100 elementor-top-column elementor-element elementor-element-6188b597\" data-id=\"6188b597\" data-element_type=\"column\">\n\t\t\t<div class=\"elementor-widget-wrap elementor-element-populated\">\n\t\t\t\t\t\t<section class=\"elementor-section elementor-inner-section elementor-element elementor-element-6758b2f3 elementor-section-boxed elementor-section-height-default elementor-section-height-default\" data-id=\"6758b2f3\" data-element_type=\"section\">\n\t\t\t\t\t\t<div class=\"elementor-container elementor-column-gap-default\">\n\t\t\t\t\t<div class=\"elementor-column elementor-col-100 elementor-inner-column elementor-element elementor-element-22ef4dc7\" data-id=\"22ef4dc7\" data-element_type=\"column\">\n\t\t\t<div class=\"elementor-widget-wrap elementor-element-populated\">\n\t\t\t\t\t\t<div class=\"elementor-element elementor-element-6aff584f elementor-widget elementor-widget-heading\" data-id=\"6aff584f\" data-element_type=\"widget\" data-widget_type=\"heading.default\">\n\t\t\t\t<div class=\"elementor-widget-container\">\n\t\t\t<h2 class=\"elementor-heading-title elementor-size-default\">Blog und News<\/h2>\t\t<\/div>\n\t\t\t\t<\/div>\n\t\t\t\t\t<\/div>\n\t\t<\/div>\n\t\t\t\t\t<\/div>\n\t\t<\/section>\n\t\t\t\t<div class=\"elementor-element elementor-element-2b432eb7 elementor-grid-tablet-3 elementor-grid-3 elementor-grid-mobile-1 elementor-posts--thumbnail-top elementor-widget elementor-widget-posts\" data-id=\"2b432eb7\" data-element_type=\"widget\" data-settings=\"{&quot;classic_columns_tablet&quot;:&quot;3&quot;,&quot;classic_columns&quot;:&quot;3&quot;,&quot;classic_columns_mobile&quot;:&quot;1&quot;,&quot;classic_row_gap&quot;:{&quot;unit&quot;:&quot;px&quot;,&quot;size&quot;:35,&quot;sizes&quot;:[]},&quot;classic_row_gap_tablet&quot;:{&quot;unit&quot;:&quot;px&quot;,&quot;size&quot;:&quot;&quot;,&quot;sizes&quot;:[]},&quot;classic_row_gap_mobile&quot;:{&quot;unit&quot;:&quot;px&quot;,&quot;size&quot;:&quot;&quot;,&quot;sizes&quot;:[]}}\" data-widget_type=\"posts.classic\">\n\t\t\t\t<div class=\"elementor-widget-container\">\n\t\t\t\t\t<div class=\"elementor-posts-container elementor-posts elementor-posts--skin-classic elementor-grid\">\n\t\t\t\t<article class=\"elementor-post elementor-grid-item post-15812 post type-post status-publish format-standard has-post-thumbnail hentry category-news-home-de category-pressespiegel category-veranstaltungen entry has-media\">\n\t\t\t\t<a class=\"elementor-post__thumbnail__link\" href=\"https:\/\/www.mobiltesino.it\/de\/road-to-salone-del-mobile-di-milano-2026\/\" tabindex=\"-1\" >\n\t\t\t<div class=\"elementor-post__thumbnail\"><img fetchpriority=\"high\" decoding=\"async\" width=\"1024\" height=\"685\" src=\"https:\/\/www.mobiltesino.it\/wp-content\/uploads\/2026\/04\/mobil-10-1024x685.jpg\" class=\"attachment-large size-large wp-image-15824\" alt=\"\" srcset=\"https:\/\/www.mobiltesino.it\/wp-content\/uploads\/2026\/04\/mobil-10-1024x685.jpg 1024w, https:\/\/www.mobiltesino.it\/wp-content\/uploads\/2026\/04\/mobil-10-300x201.jpg 300w, https:\/\/www.mobiltesino.it\/wp-content\/uploads\/2026\/04\/mobil-10-768x514.jpg 768w, https:\/\/www.mobiltesino.it\/wp-content\/uploads\/2026\/04\/mobil-10-1536x1028.jpg 1536w, https:\/\/www.mobiltesino.it\/wp-content\/uploads\/2026\/04\/mobil-10.jpg 2048w\" sizes=\"(max-width: 1024px) 100vw, 1024px\" \/><\/div>\n\t\t<\/a>\n\t\t\t\t<div class=\"elementor-post__text\">\n\t\t\t\t<h3 class=\"elementor-post__title\">\n\t\t\t<a href=\"https:\/\/www.mobiltesino.it\/de\/road-to-salone-del-mobile-di-milano-2026\/\" >\n\t\t\t\tRoad to Salone del Mobile di Milano 2026\t\t\t<\/a>\n\t\t<\/h3>\n\t\t\t\t<div class=\"elementor-post__excerpt\">\n\t\t\t<p>We\u2019ll be at the Salone del Mobile in Milan again this year.<\/p>\n\t\t<\/div>\n\t\t\t\t<\/div>\n\t\t\t\t<\/article>\n\t\t\t\t<article class=\"elementor-post elementor-grid-item post-15294 post type-post status-publish format-standard has-post-thumbnail hentry category-news-home-de category-pressespiegel category-veranstaltungen entry has-media\">\n\t\t\t\t<a class=\"elementor-post__thumbnail__link\" href=\"https:\/\/www.mobiltesino.it\/de\/ein-treffen-das-massstaebe-setzt-colors-luxor-neue-projekte-und-die-familie-mobiltesino\/\" tabindex=\"-1\" >\n\t\t\t<div class=\"elementor-post__thumbnail\"><img loading=\"lazy\" decoding=\"async\" width=\"1024\" height=\"683\" src=\"https:\/\/www.mobiltesino.it\/wp-content\/uploads\/2026\/02\/AnteprimaSito-1024x683.jpg\" class=\"attachment-large size-large wp-image-15242\" alt=\"\" srcset=\"https:\/\/www.mobiltesino.it\/wp-content\/uploads\/2026\/02\/AnteprimaSito-1024x683.jpg 1024w, https:\/\/www.mobiltesino.it\/wp-content\/uploads\/2026\/02\/AnteprimaSito-300x200.jpg 300w, https:\/\/www.mobiltesino.it\/wp-content\/uploads\/2026\/02\/AnteprimaSito-768x512.jpg 768w, https:\/\/www.mobiltesino.it\/wp-content\/uploads\/2026\/02\/AnteprimaSito-1536x1024.jpg 1536w, https:\/\/www.mobiltesino.it\/wp-content\/uploads\/2026\/02\/AnteprimaSito-2048x1365.jpg 2048w\" sizes=\"(max-width: 1024px) 100vw, 1024px\" \/><\/div>\n\t\t<\/a>\n\t\t\t\t<div class=\"elementor-post__text\">\n\t\t\t\t<h3 class=\"elementor-post__title\">\n\t\t\t<a href=\"https:\/\/www.mobiltesino.it\/de\/ein-treffen-das-massstaebe-setzt-colors-luxor-neue-projekte-und-die-familie-mobiltesino\/\" >\n\t\t\t\tEin Treffen, das Ma\u00dfst\u00e4be setzt: COLORS, LUXOR, neue Projekte und die Familie Mobiltesino\t\t\t<\/a>\n\t\t<\/h3>\n\t\t\t\t<div class=\"elementor-post__excerpt\">\n\t\t\t<p>Am 19. und 20. Januar fand das Mobiltesino-Meeting statt, das dem Vertriebsnetz in Italien gewidmet war. Das Treffen bot Gelegenheit zum Austausch und zur strategischen Zusammenarbeit und st\u00e4rkte die Beziehungen zwischen dem Unternehmen und seinen Vertretern.<\/p>\n\t\t<\/div>\n\t\t\t\t<\/div>\n\t\t\t\t<\/article>\n\t\t\t\t<article class=\"elementor-post elementor-grid-item post-14995 post type-post status-publish format-standard has-post-thumbnail hentry category-news-home-de category-pressespiegel category-veranstaltungen entry has-media\">\n\t\t\t\t<a class=\"elementor-post__thumbnail__link\" href=\"https:\/\/www.mobiltesino.it\/de\/mobiltesino-beim-fuorisalone-2025-herausragender-gast-im-kreativen-showroom-von-marta-goggi\/\" tabindex=\"-1\" >\n\t\t\t<div class=\"elementor-post__thumbnail\"><img loading=\"lazy\" decoding=\"async\" width=\"1024\" height=\"683\" src=\"https:\/\/www.mobiltesino.it\/wp-content\/uploads\/2025\/04\/Fuori-salone-copertina-def-02-1024x683.jpg\" class=\"attachment-large size-large wp-image-14946\" alt=\"\" srcset=\"https:\/\/www.mobiltesino.it\/wp-content\/uploads\/2025\/04\/Fuori-salone-copertina-def-02-1024x683.jpg 1024w, https:\/\/www.mobiltesino.it\/wp-content\/uploads\/2025\/04\/Fuori-salone-copertina-def-02-300x200.jpg 300w, https:\/\/www.mobiltesino.it\/wp-content\/uploads\/2025\/04\/Fuori-salone-copertina-def-02-768x512.jpg 768w, https:\/\/www.mobiltesino.it\/wp-content\/uploads\/2025\/04\/Fuori-salone-copertina-def-02.jpg 1500w\" sizes=\"(max-width: 1024px) 100vw, 1024px\" \/><\/div>\n\t\t<\/a>\n\t\t\t\t<div class=\"elementor-post__text\">\n\t\t\t\t<h3 class=\"elementor-post__title\">\n\t\t\t<a href=\"https:\/\/www.mobiltesino.it\/de\/mobiltesino-beim-fuorisalone-2025-herausragender-gast-im-kreativen-showroom-von-marta-goggi\/\" >\n\t\t\t\tMobiltesino beim Fuorisalone 2025, herausragender Gast im kreativen Showroom von Marta Goggi\t\t\t<\/a>\n\t\t<\/h3>\n\t\t\t\t<div class=\"elementor-post__excerpt\">\n\t\t\t<p>Anl\u00e4sslich der Milano Design Week nahm Mobiltesino mit gro\u00dfer Begeisterung am Fuorisalone 2025 teil und beteiligte sich an einem Ausstellungsprojekt, das von Marta Goggi in ihrem kreativen Showroom im pulsierenden Herzen des Mail\u00e4nder Designviertels kuratiert wurde.<\/p>\n\t\t<\/div>\n\t\t\t\t<\/div>\n\t\t\t\t<\/article>\n\t\t\t\t<\/div>\n\t\t\n\t\t\t\t<\/div>\n\t\t\t\t<\/div>\n\t\t\t\t\t<\/div>\n\t\t<\/div>\n\t\t\t\t\t<\/div>\n\t\t<\/section>\n\t\t\t\t<section class=\"elementor-section elementor-top-section elementor-element elementor-element-79ac7f7 elementor-section-boxed elementor-section-height-default elementor-section-height-default\" data-id=\"79ac7f7\" data-element_type=\"section\" data-settings=\"{&quot;background_background&quot;:&quot;classic&quot;}\">\n\t\t\t\t\t\t<div class=\"elementor-container elementor-column-gap-default\">\n\t\t\t\t\t<div class=\"elementor-column elementor-col-50 elementor-top-column elementor-element elementor-element-ccd90c4\" data-id=\"ccd90c4\" data-element_type=\"column\">\n\t\t\t<div class=\"elementor-widget-wrap elementor-element-populated\">\n\t\t\t\t\t\t<div class=\"elementor-element elementor-element-b116d40 elementor-widget elementor-widget-image\" data-id=\"b116d40\" data-element_type=\"widget\" data-widget_type=\"image.default\">\n\t\t\t\t<div class=\"elementor-widget-container\">\n\t\t\t\t\t\t\t\t\t\t\t\t\t<img loading=\"lazy\" decoding=\"async\" width=\"1024\" height=\"680\" src=\"https:\/\/www.mobiltesino.it\/wp-content\/uploads\/2020\/07\/banner-treicad-1024x680.jpg\" class=\"attachment-large size-large wp-image-2337\" alt=\"Banner 3 cad\" srcset=\"https:\/\/www.mobiltesino.it\/wp-content\/uploads\/2020\/07\/banner-treicad.jpg 1024w, https:\/\/www.mobiltesino.it\/wp-content\/uploads\/2020\/07\/banner-treicad-300x199.jpg 300w, https:\/\/www.mobiltesino.it\/wp-content\/uploads\/2020\/07\/banner-treicad-768x510.jpg 768w\" sizes=\"(max-width: 1024px) 100vw, 1024px\" \/>\t\t\t\t\t\t\t\t\t\t\t\t\t<\/div>\n\t\t\t\t<\/div>\n\t\t\t\t\t<\/div>\n\t\t<\/div>\n\t\t\t\t<div class=\"elementor-column elementor-col-50 elementor-top-column elementor-element elementor-element-2a4938a\" data-id=\"2a4938a\" data-element_type=\"column\">\n\t\t\t<div class=\"elementor-widget-wrap elementor-element-populated\">\n\t\t\t\t\t\t<div class=\"elementor-element elementor-element-09b8252 elementor-widget elementor-widget-heading\" data-id=\"09b8252\" data-element_type=\"widget\" data-widget_type=\"heading.default\">\n\t\t\t\t<div class=\"elementor-widget-container\">\n\t\t\t<h2 class=\"elementor-heading-title elementor-size-default\">F\u00fcr unsere H\u00e4ndler und Vertreter: Laden Sie sich die Software \u201e3cad Evolution\u201c herunter!<\/h2>\t\t<\/div>\n\t\t\t\t<\/div>\n\t\t\t\t<div class=\"elementor-element elementor-element-4bbf0ed elementor-widget elementor-widget-text-editor\" data-id=\"4bbf0ed\" data-element_type=\"widget\" data-widget_type=\"text-editor.default\">\n\t\t\t\t<div class=\"elementor-widget-container\">\n\t\t\t\t\t\t\t<p>Mit der Software 3CAD kann die Einrichtung f\u00fcr das Bad in Echtzeit geplant werden.<br \/>Dank dieser M\u00f6glichkeit kann das M\u00f6bel Ihrer Tr\u00e4ume bis ins kleinste Detail und mit der Qualit\u00e4t von Mobiltesino geplant und angezeigt werden.<\/p>\t\t\t\t\t\t<\/div>\n\t\t\t\t<\/div>\n\t\t\t\t<div class=\"elementor-element elementor-element-19dd14b elementor-mobile-align-center elementor-widget elementor-widget-button\" data-id=\"19dd14b\" data-element_type=\"widget\" data-widget_type=\"button.default\">\n\t\t\t\t<div class=\"elementor-widget-container\">\n\t\t\t\t\t\t\t<div class=\"elementor-button-wrapper\">\n\t\t\t\t\t<a class=\"elementor-button elementor-button-link elementor-size-md\" href=\"https:\/\/www.mobiltesino.it\/de\/3cad\/\">\n\t\t\t\t\t\t<span class=\"elementor-button-content-wrapper\">\n\t\t\t\t\t\t\t\t\t<span class=\"elementor-button-text\">F\u00fcllen Sie das Formular aus<\/span>\n\t\t\t\t\t<\/span>\n\t\t\t\t\t<\/a>\n\t\t\t\t<\/div>\n\t\t\t\t\t\t<\/div>\n\t\t\t\t<\/div>\n\t\t\t\t\t<\/div>\n\t\t<\/div>\n\t\t\t\t\t<\/div>\n\t\t<\/section>\n\t\t\t\t<section class=\"elementor-section elementor-top-section elementor-element elementor-element-391943f elementor-section-content-middle elementor-section-boxed elementor-section-height-default elementor-section-height-default\" data-id=\"391943f\" data-element_type=\"section\">\n\t\t\t\t\t\t<div class=\"elementor-container elementor-column-gap-no\">\n\t\t\t\t\t<div class=\"elementor-column elementor-col-100 elementor-top-column elementor-element elementor-element-379a7b62\" data-id=\"379a7b62\" data-element_type=\"column\">\n\t\t\t<div class=\"elementor-widget-wrap elementor-element-populated\">\n\t\t\t\t\t\t<div class=\"elementor-element elementor-element-58660958 elementor-widget elementor-widget-heading\" data-id=\"58660958\" data-element_type=\"widget\" data-widget_type=\"heading.default\">\n\t\t\t\t<div class=\"elementor-widget-container\">\n\t\t\t<h2 class=\"elementor-heading-title elementor-size-default\">Bewertungen<\/h2>\t\t<\/div>\n\t\t\t\t<\/div>\n\t\t\t\t<div class=\"elementor-element elementor-element-44da66c8 elementor-testimonial--layout-image_left elementor-testimonial--align-left elementor-testimonial--skin-default elementor-arrows-yes elementor-widget elementor-widget-testimonial-carousel\" data-id=\"44da66c8\" data-element_type=\"widget\" data-settings=\"{&quot;space_between&quot;:{&quot;unit&quot;:&quot;px&quot;,&quot;size&quot;:&quot;0&quot;,&quot;sizes&quot;:[]},&quot;slides_per_view&quot;:&quot;3&quot;,&quot;slides_per_view_tablet&quot;:&quot;2&quot;,&quot;show_arrows&quot;:&quot;yes&quot;,&quot;speed&quot;:500,&quot;autoplay&quot;:&quot;yes&quot;,&quot;autoplay_speed&quot;:5000,&quot;loop&quot;:&quot;yes&quot;,&quot;pause_on_hover&quot;:&quot;yes&quot;,&quot;pause_on_interaction&quot;:&quot;yes&quot;,&quot;space_between_tablet&quot;:{&quot;unit&quot;:&quot;px&quot;,&quot;size&quot;:10,&quot;sizes&quot;:[]},&quot;space_between_mobile&quot;:{&quot;unit&quot;:&quot;px&quot;,&quot;size&quot;:10,&quot;sizes&quot;:[]}}\" data-widget_type=\"testimonial-carousel.default\">\n\t\t\t\t<div class=\"elementor-widget-container\">\n\t\t\t\t\t<div class=\"elementor-swiper\">\n\t\t\t<div class=\"elementor-main-swiper swiper\">\n\t\t\t\t<div class=\"swiper-wrapper\">\n\t\t\t\t\t\t\t\t\t\t\t<div class=\"swiper-slide\">\n\t\t\t\t\t\t\t\t\t<div class=\"elementor-testimonial\">\n\t\t\t\t\t\t\t<div class=\"elementor-testimonial__content\">\n\t\t\t\t\t<div class=\"elementor-testimonial__text\">\n\t\t\t\t\t\t\u00abAusgezeichnetes Produkt und au\u00dferordentlich zuvorkommend\u00bb.\t\t\t\t\t<\/div>\n\t\t\t\t\t<cite class=\"elementor-testimonial__cite\"><span class=\"elementor-testimonial__name\">Francesco<\/span><span class=\"elementor-testimonial__title\">Privatperson<\/span><\/cite>\t\t\t\t<\/div>\n\t\t\t\t\t\t<div class=\"elementor-testimonial__footer\">\n\t\t\t\t\t\t\t\t\t<div class=\"elementor-testimonial__image\">\n\t\t\t\t\t\t<img decoding=\"async\" src=\"https:\/\/www.mobiltesino.it\/wp-content\/uploads\/2020\/02\/background-blu.jpg\" alt=\"Francesco\">\n\t\t\t\t\t\t\t\t\t\t\t<\/div>\n\t\t\t\t\t\t\t\t\t\t\t<\/div>\n\t\t<\/div>\n\t\t\t\t\t\t\t\t<\/div>\n\t\t\t\t\t\t\t\t\t\t\t<div class=\"swiper-slide\">\n\t\t\t\t\t\t\t\t\t<div class=\"elementor-testimonial\">\n\t\t\t\t\t\t\t<div class=\"elementor-testimonial__content\">\n\t\t\t\t\t<div class=\"elementor-testimonial__text\">\n\t\t\t\t\t\t\u00abEin Unternehmen mit aufrichtigen Personen, die daran arbeiten, sowohl in Bezug auf Qualit\u00e4t als auch in Bezug auf Professionalit\u00e4t sehr gute Ergebnisse zu erzielen.\u00bb.\t\t\t\t\t<\/div>\n\t\t\t\t\t<cite class=\"elementor-testimonial__cite\"><span class=\"elementor-testimonial__name\">Ceramiche Marmorella<\/span><span class=\"elementor-testimonial__title\">Unternehmen<\/span><\/cite>\t\t\t\t<\/div>\n\t\t\t\t\t\t<div class=\"elementor-testimonial__footer\">\n\t\t\t\t\t\t\t\t\t<div class=\"elementor-testimonial__image\">\n\t\t\t\t\t\t<img decoding=\"async\" src=\"https:\/\/www.mobiltesino.it\/wp-content\/uploads\/2020\/02\/background-oro.jpg\" alt=\"Ceramiche Marmorella\">\n\t\t\t\t\t\t\t\t\t\t\t<\/div>\n\t\t\t\t\t\t\t\t\t\t\t<\/div>\n\t\t<\/div>\n\t\t\t\t\t\t\t\t<\/div>\n\t\t\t\t\t\t\t\t\t\t\t<div class=\"swiper-slide\">\n\t\t\t\t\t\t\t\t\t<div class=\"elementor-testimonial\">\n\t\t\t\t\t\t\t<div class=\"elementor-testimonial__content\">\n\t\t\t\t\t<div class=\"elementor-testimonial__text\">\n\t\t\t\t\t\t\u00abAusgezeichnetes Produkt, das ich tausendmal empfehlen w\u00fcrde, jeden Penny wert\u00bb.\t\t\t\t\t<\/div>\n\t\t\t\t\t<cite class=\"elementor-testimonial__cite\"><span class=\"elementor-testimonial__name\">Pasquale<\/span><span class=\"elementor-testimonial__title\">Privatperson<\/span><\/cite>\t\t\t\t<\/div>\n\t\t\t\t\t\t<div class=\"elementor-testimonial__footer\">\n\t\t\t\t\t\t\t\t\t<div class=\"elementor-testimonial__image\">\n\t\t\t\t\t\t<img decoding=\"async\" src=\"https:\/\/www.mobiltesino.it\/wp-content\/uploads\/2020\/02\/background-blu.jpg\" alt=\"Pasquale\">\n\t\t\t\t\t\t\t\t\t\t\t<\/div>\n\t\t\t\t\t\t\t\t\t\t\t<\/div>\n\t\t<\/div>\n\t\t\t\t\t\t\t\t<\/div>\n\t\t\t\t\t\t\t\t\t\t\t<div class=\"swiper-slide\">\n\t\t\t\t\t\t\t\t\t<div class=\"elementor-testimonial\">\n\t\t\t\t\t\t\t<div class=\"elementor-testimonial__content\">\n\t\t\t\t\t<div class=\"elementor-testimonial__text\">\n\t\t\t\t\t\t\u00abHerzlichkeit, H\u00f6flichkeit, Verf\u00fcgbarkeit und nicht zuletzt Professionalit\u00e4t. Ich empfehle bei Mobiltesino zu kaufen, Sie werden es nicht bereuen.\u00bb.\t\t\t\t\t<\/div>\n\t\t\t\t\t<cite class=\"elementor-testimonial__cite\"><span class=\"elementor-testimonial__name\">Renato<\/span><span class=\"elementor-testimonial__title\">Privatperson<\/span><\/cite>\t\t\t\t<\/div>\n\t\t\t\t\t\t<div class=\"elementor-testimonial__footer\">\n\t\t\t\t\t\t\t\t\t<div class=\"elementor-testimonial__image\">\n\t\t\t\t\t\t<img decoding=\"async\" src=\"https:\/\/www.mobiltesino.it\/wp-content\/uploads\/2020\/02\/background-oro.jpg\" alt=\"Renato\">\n\t\t\t\t\t\t\t\t\t\t\t<\/div>\n\t\t\t\t\t\t\t\t\t\t\t<\/div>\n\t\t<\/div>\n\t\t\t\t\t\t\t\t<\/div>\n\t\t\t\t\t\t\t\t\t\t\t<div class=\"swiper-slide\">\n\t\t\t\t\t\t\t\t\t<div class=\"elementor-testimonial\">\n\t\t\t\t\t\t\t<div class=\"elementor-testimonial__content\">\n\t\t\t\t\t<div class=\"elementor-testimonial__text\">\n\t\t\t\t\t\t\u00abDie Nummer 1 bei Badezimmereinrichtungen.\u00bb\t\t\t\t\t<\/div>\n\t\t\t\t\t<cite class=\"elementor-testimonial__cite\"><span class=\"elementor-testimonial__name\">Le Fantasie di ceramica<\/span><span class=\"elementor-testimonial__title\">Unternehmen<\/span><\/cite>\t\t\t\t<\/div>\n\t\t\t\t\t\t<div class=\"elementor-testimonial__footer\">\n\t\t\t\t\t\t\t\t\t<div class=\"elementor-testimonial__image\">\n\t\t\t\t\t\t<img decoding=\"async\" src=\"https:\/\/www.mobiltesino.it\/wp-content\/uploads\/2020\/02\/background-blu.jpg\" alt=\"Le Fantasie di ceramica\">\n\t\t\t\t\t\t\t\t\t\t\t<\/div>\n\t\t\t\t\t\t\t\t\t\t\t<\/div>\n\t\t<\/div>\n\t\t\t\t\t\t\t\t<\/div>\n\t\t\t\t\t\t\t\t\t<\/div>\n\t\t\t\t\t\t\t\t\t\t\t\t\t\t\t\t\t\t\t\t<div class=\"elementor-swiper-button elementor-swiper-button-prev\" role=\"button\" tabindex=\"0\">\n\t\t\t\t\t\t\t<i aria-hidden=\"true\" class=\"eicon-chevron-left\"><\/i>\t\t\t\t\t\t\t<span class=\"elementor-screen-only\">Voriger<\/span>\n\t\t\t\t\t\t<\/div>\n\t\t\t\t\t\t<div class=\"elementor-swiper-button elementor-swiper-button-next\" role=\"button\" tabindex=\"0\">\n\t\t\t\t\t\t\t<i aria-hidden=\"true\" class=\"eicon-chevron-right\"><\/i>\t\t\t\t\t\t\t<span class=\"elementor-screen-only\">N\u00e4chster<\/span>\n\t\t\t\t\t\t<\/div>\n\t\t\t\t\t\t\t\t\t\t\t\t<\/div>\n\t\t<\/div>\n\t\t\t\t<\/div>\n\t\t\t\t<\/div>\n\t\t\t\t\t<\/div>\n\t\t<\/div>\n\t\t\t\t\t<\/div>\n\t\t<\/section>\n\t\t\t\t<section class=\"elementor-section elementor-top-section elementor-element elementor-element-206decb2 elementor-section-full_width elementor-section-height-min-height elementor-section-height-default elementor-section-items-middle\" data-id=\"206decb2\" data-element_type=\"section\" data-settings=\"{&quot;background_background&quot;:&quot;classic&quot;}\">\n\t\t\t\t\t\t<div class=\"elementor-container elementor-column-gap-default\">\n\t\t\t\t\t<div class=\"elementor-column elementor-col-100 elementor-top-column elementor-element elementor-element-542a36a5\" data-id=\"542a36a5\" data-element_type=\"column\">\n\t\t\t<div class=\"elementor-widget-wrap elementor-element-populated\">\n\t\t\t\t\t\t<section class=\"elementor-section elementor-inner-section elementor-element elementor-element-28dab85f elementor-section-boxed elementor-section-height-default elementor-section-height-default\" data-id=\"28dab85f\" data-element_type=\"section\">\n\t\t\t\t\t\t<div class=\"elementor-container elementor-column-gap-default\">\n\t\t\t\t\t<div class=\"elementor-column elementor-col-100 elementor-inner-column elementor-element elementor-element-c40f65c\" data-id=\"c40f65c\" data-element_type=\"column\">\n\t\t\t<div class=\"elementor-widget-wrap elementor-element-populated\">\n\t\t\t\t\t\t<section class=\"elementor-section elementor-inner-section elementor-element elementor-element-5ac483a5 elementor-section-full_width elementor-section-height-default elementor-section-height-default\" data-id=\"5ac483a5\" data-element_type=\"section\">\n\t\t\t\t\t\t<div class=\"elementor-container elementor-column-gap-narrow\">\n\t\t\t\t\t<div class=\"elementor-column elementor-col-50 elementor-inner-column elementor-element elementor-element-539baa29\" data-id=\"539baa29\" data-element_type=\"column\">\n\t\t\t<div class=\"elementor-widget-wrap elementor-element-populated\">\n\t\t\t\t\t\t<div class=\"elementor-element elementor-element-1a7089a elementor-widget elementor-widget-text-editor\" data-id=\"1a7089a\" data-element_type=\"widget\" data-widget_type=\"text-editor.default\">\n\t\t\t\t<div class=\"elementor-widget-container\">\n\t\t\t\t\t\t\t<p>Mobiltesino Srl<br \/>P.Iva e C.F. 00354690448 &#8211; Reg. Imprese Ascoli Piceno n.00354690448 | C.C.I.A.A. AP n.83359 &#8211; M &#8211; 061699 Cap.Soc. \u20ac78000 Int. Vers.<\/p>\t\t\t\t\t\t<\/div>\n\t\t\t\t<\/div>\n\t\t\t\t\t<\/div>\n\t\t<\/div>\n\t\t\t\t<div class=\"elementor-column elementor-col-25 elementor-inner-column elementor-element elementor-element-268127d1\" data-id=\"268127d1\" data-element_type=\"column\">\n\t\t\t<div class=\"elementor-widget-wrap\">\n\t\t\t\t\t\t\t<\/div>\n\t\t<\/div>\n\t\t\t\t<div class=\"elementor-column elementor-col-25 elementor-inner-column elementor-element elementor-element-12665b6f\" data-id=\"12665b6f\" data-element_type=\"column\">\n\t\t\t<div class=\"elementor-widget-wrap elementor-element-populated\">\n\t\t\t\t\t\t<div class=\"elementor-element elementor-element-6f139a8 elementor-shape-square elementor-grid-0 e-grid-align-center elementor-widget elementor-widget-social-icons\" data-id=\"6f139a8\" data-element_type=\"widget\" data-widget_type=\"social-icons.default\">\n\t\t\t\t<div class=\"elementor-widget-container\">\n\t\t\t\t\t<div class=\"elementor-social-icons-wrapper elementor-grid\">\n\t\t\t\t\t\t\t<span class=\"elementor-grid-item\">\n\t\t\t\t\t<a class=\"elementor-icon elementor-social-icon elementor-social-icon- elementor-repeater-item-49e1457\" href=\"https:\/\/www.facebook.com\/mobiltesino\/\" target=\"_blank\">\n\t\t\t\t\t\t<span class=\"elementor-screen-only\"><\/span>\n\t\t\t\t\t\t\t\t\t\t\t<\/a>\n\t\t\t\t<\/span>\n\t\t\t\t\t\t\t<span class=\"elementor-grid-item\">\n\t\t\t\t\t<a class=\"elementor-icon elementor-social-icon elementor-social-icon- elementor-repeater-item-262fc86\" href=\"https:\/\/www.instagram.com\/mobiltesino\/\" target=\"_blank\">\n\t\t\t\t\t\t<span class=\"elementor-screen-only\"><\/span>\n\t\t\t\t\t\t\t\t\t\t\t<\/a>\n\t\t\t\t<\/span>\n\t\t\t\t\t\t\t<span class=\"elementor-grid-item\">\n\t\t\t\t\t<a class=\"elementor-icon elementor-social-icon elementor-social-icon-youtube elementor-repeater-item-f8815b2\" href=\"https:\/\/www.youtube.com\/user\/Mobiltesinosrl\" target=\"_blank\">\n\t\t\t\t\t\t<span class=\"elementor-screen-only\">Youtube<\/span>\n\t\t\t\t\t\t<i class=\"fab fa-youtube\"><\/i>\t\t\t\t\t<\/a>\n\t\t\t\t<\/span>\n\t\t\t\t\t\t\t<span class=\"elementor-grid-item\">\n\t\t\t\t\t<a class=\"elementor-icon elementor-social-icon elementor-social-icon-linkedin elementor-repeater-item-9db7cc2\" href=\"https:\/\/www.linkedin.com\/company\/24682158\/admin\/feed\/posts\/\" target=\"_blank\">\n\t\t\t\t\t\t<span class=\"elementor-screen-only\">Linkedin<\/span>\n\t\t\t\t\t\t<i class=\"fab fa-linkedin\"><\/i>\t\t\t\t\t<\/a>\n\t\t\t\t<\/span>\n\t\t\t\t\t<\/div>\n\t\t\t\t<\/div>\n\t\t\t\t<\/div>\n\t\t\t\t\t<\/div>\n\t\t<\/div>\n\t\t\t\t\t<\/div>\n\t\t<\/section>\n\t\t\t\t\t<\/div>\n\t\t<\/div>\n\t\t\t\t\t<\/div>\n\t\t<\/section>\n\t\t\t\t<div class=\"elementor-element elementor-element-123151a elementor-widget elementor-widget-text-editor\" data-id=\"123151a\" data-element_type=\"widget\" data-widget_type=\"text-editor.default\">\n\t\t\t\t<div class=\"elementor-widget-container\">\n\t\t\t\t\t\t\t<p><a href=\"https:\/\/www.mobiltesino.it\/privacy-policy\/\">Privacy Policy<\/a><\/p>\t\t\t\t\t\t<\/div>\n\t\t\t\t<\/div>\n\t\t\t\t<div class=\"elementor-element elementor-element-5a7686a oew-align-right elementor-invisible elementor-widget elementor-widget-global elementor-global-2103 elementor-widget-oew-scroll-up\" data-id=\"5a7686a\" data-element_type=\"widget\" data-settings=\"{&quot;sticky&quot;:&quot;bottom&quot;,&quot;_animation&quot;:&quot;fadeIn&quot;,&quot;sticky_on&quot;:[&quot;desktop&quot;,&quot;tablet&quot;,&quot;mobile&quot;],&quot;sticky_offset&quot;:0,&quot;sticky_effects_offset&quot;:0,&quot;sticky_anchor_link_offset&quot;:0}\" data-widget_type=\"oew-scroll-up.default\">\n\t\t\t\t<div class=\"elementor-widget-container\">\n\t\t\t\r\n\t\t<div class=\"oew-scroll-button\">\r\n\t\t\t<a href=\"#\" class=\"button\">\r\n\t\t\t\t\t\t\t\t\t<span class=\"oew-button-icon\">\r\n\t\t\t\t\t\t<i aria-hidden=\"true\" class=\"fas fa-angle-up\"><\/i>\t\t\t\t\t<\/span>\r\n\t\t\t\t\r\n\t\t\t\t\r\n\t\t\t\t\t\t\t<\/a>\r\n\t\t<\/div>\r\n\r\n\t\t\t<\/div>\n\t\t\t\t<\/div>\n\t\t\t\t\t<\/div>\n\t\t<\/div>\n\t\t\t\t\t<\/div>\n\t\t<\/section>\n\t\t\t\t<\/div>\n\t\t","protected":false},"excerpt":{"rendered":"<p>ITA ENG DEU Das mobiliar wird zu architekturLuxor &#8211; Eine Kollektion die f\u00fcr das Zuhause konzipiert wurdeLuxor KollektionEinf\u00fchrung der Kollektion Millerighe ColorMillerighe Color ist die Weiterentwicklung von Superluce Millerighe.mehr erfahrenDer entscheidende Charakter perfekten Harmonie der Materialien Superluce Devor\u00e9 Kollektiondie kompositorische Wesentlichkeitzu ihrer Ausdruckskraft machen.Superluce Millerighe Kollektionminimale Sch\u00f6nheitaus einzigartigen DetailsUrban+ KollektionPasswort: Pers\u00f6nlichkeitRaum f\u00fcr die Essenz des [&hellip;]<\/p>\n","protected":false},"author":9,"featured_media":0,"parent":0,"menu_order":61,"comment_status":"closed","ping_status":"closed","template":"elementor_canvas","meta":{"_acf_changed":false,"ocean_post_layout":"","ocean_both_sidebars_style":"","ocean_both_sidebars_content_width":0,"ocean_both_sidebars_sidebars_width":0,"ocean_sidebar":"0","ocean_second_sidebar":"0","ocean_disable_margins":"enable","ocean_add_body_class":"","ocean_shortcode_before_top_bar":"","ocean_shortcode_after_top_bar":"","ocean_shortcode_before_header":"","ocean_shortcode_after_header":"","ocean_has_shortcode":"","ocean_shortcode_after_title":"","ocean_shortcode_before_footer_widgets":"","ocean_shortcode_after_footer_widgets":"","ocean_shortcode_before_footer_bottom":"","ocean_shortcode_after_footer_bottom":"","ocean_display_top_bar":"default","ocean_display_header":"on","ocean_header_style":"","ocean_center_header_left_menu":"0","ocean_custom_header_template":"25","ocean_custom_logo":0,"ocean_custom_retina_logo":0,"ocean_custom_logo_max_width":0,"ocean_custom_logo_tablet_max_width":0,"ocean_custom_logo_mobile_max_width":0,"ocean_custom_logo_max_height":0,"ocean_custom_logo_tablet_max_height":0,"ocean_custom_logo_mobile_max_height":0,"ocean_header_custom_menu":"0","ocean_menu_typo_font_family":"0","ocean_menu_typo_font_subset":"","ocean_menu_typo_font_size":0,"ocean_menu_typo_font_size_tablet":0,"ocean_menu_typo_font_size_mobile":0,"ocean_menu_typo_font_size_unit":"px","ocean_menu_typo_font_weight":"","ocean_menu_typo_font_weight_tablet":"","ocean_menu_typo_font_weight_mobile":"","ocean_menu_typo_transform":"","ocean_menu_typo_transform_tablet":"","ocean_menu_typo_transform_mobile":"","ocean_menu_typo_line_height":0,"ocean_menu_typo_line_height_tablet":0,"ocean_menu_typo_line_height_mobile":0,"ocean_menu_typo_line_height_unit":"","ocean_menu_typo_spacing":0,"ocean_menu_typo_spacing_tablet":0,"ocean_menu_typo_spacing_mobile":0,"ocean_menu_typo_spacing_unit":"","ocean_menu_link_color":"","ocean_menu_link_color_hover":"","ocean_menu_link_color_active":"","ocean_menu_link_background":"","ocean_menu_link_hover_background":"","ocean_menu_link_active_background":"","ocean_menu_social_links_bg":"","ocean_menu_social_hover_links_bg":"","ocean_menu_social_links_color":"","ocean_menu_social_hover_links_color":"","ocean_disable_title":"on","ocean_disable_heading":"default","ocean_post_title":"","ocean_post_subheading":"","ocean_post_title_style":"","ocean_post_title_background_color":"","ocean_post_title_background":0,"ocean_post_title_bg_image_position":"","ocean_post_title_bg_image_attachment":"","ocean_post_title_bg_image_repeat":"","ocean_post_title_bg_image_size":"","ocean_post_title_height":0,"ocean_post_title_bg_overlay":0.5,"ocean_post_title_bg_overlay_color":"","ocean_disable_breadcrumbs":"default","ocean_breadcrumbs_color":"","ocean_breadcrumbs_separator_color":"","ocean_breadcrumbs_links_color":"","ocean_breadcrumbs_links_hover_color":"","ocean_display_footer_widgets":"default","ocean_display_footer_bottom":"default","ocean_custom_footer_template":"0","footnotes":""},"tax_2861":[],"class_list":["post-2381","page","type-page","status-publish","hentry","entry","has-media"],"acf":[],"yoast_head":"<!-- This site is optimized with the Yoast SEO plugin v23.8 - https:\/\/yoast.com\/wordpress\/plugins\/seo\/ -->\n<title>home - Mobiltesino Atelier dal 1978<\/title>\n<meta name=\"robots\" content=\"index, follow, max-snippet:-1, max-image-preview:large, max-video-preview:-1\" \/>\n<link rel=\"canonical\" href=\"https:\/\/www.mobiltesino.it\/de\/\" \/>\n<meta property=\"og:locale\" content=\"de_DE\" \/>\n<meta property=\"og:type\" content=\"article\" \/>\n<meta property=\"og:title\" content=\"home - Mobiltesino Atelier dal 1978\" \/>\n<meta property=\"og:description\" content=\"ITA ENG DEU Das mobiliar wird zu architekturLuxor &#8211; Eine Kollektion die f\u00fcr das Zuhause konzipiert wurdeLuxor KollektionEinf\u00fchrung der Kollektion Millerighe ColorMillerighe Color ist die Weiterentwicklung von Superluce Millerighe.mehr erfahrenDer entscheidende Charakter perfekten Harmonie der Materialien Superluce Devor\u00e9 Kollektiondie kompositorische Wesentlichkeitzu ihrer Ausdruckskraft machen.Superluce Millerighe Kollektionminimale Sch\u00f6nheitaus einzigartigen DetailsUrban+ KollektionPasswort: Pers\u00f6nlichkeitRaum f\u00fcr die Essenz des [&hellip;]\" \/>\n<meta property=\"og:url\" content=\"https:\/\/www.mobiltesino.it\/de\/\" \/>\n<meta property=\"og:site_name\" content=\"Mobiltesino Atelier dal 1978\" \/>\n<meta property=\"article:modified_time\" content=\"2026-02-26T11:22:36+00:00\" \/>\n<meta property=\"og:image\" content=\"https:\/\/www.mobiltesino.it\/wp-content\/uploads\/2021\/03\/cropped-logo-1.png\" \/>\n<meta name=\"twitter:card\" content=\"summary_large_image\" \/>\n<meta name=\"twitter:label1\" content=\"Gesch\u00e4tzte Lesezeit\" \/>\n\t<meta name=\"twitter:data1\" content=\"11 Minuten\" \/>\n<script type=\"application\/ld+json\" class=\"yoast-schema-graph\">{\"@context\":\"https:\/\/schema.org\",\"@graph\":[{\"@type\":\"WebPage\",\"@id\":\"https:\/\/www.mobiltesino.it\/de\/\",\"url\":\"https:\/\/www.mobiltesino.it\/de\/\",\"name\":\"home - Mobiltesino Atelier dal 1978\",\"isPartOf\":{\"@id\":\"https:\/\/www.mobiltesino.it\/#website\"},\"primaryImageOfPage\":{\"@id\":\"https:\/\/www.mobiltesino.it\/de\/#primaryimage\"},\"image\":{\"@id\":\"https:\/\/www.mobiltesino.it\/de\/#primaryimage\"},\"thumbnailUrl\":\"https:\/\/www.mobiltesino.it\/wp-content\/uploads\/2021\/03\/cropped-logo-1.png\",\"datePublished\":\"2021-03-19T10:32:39+00:00\",\"dateModified\":\"2026-02-26T11:22:36+00:00\",\"breadcrumb\":{\"@id\":\"https:\/\/www.mobiltesino.it\/de\/#breadcrumb\"},\"inLanguage\":\"de\",\"potentialAction\":[{\"@type\":\"ReadAction\",\"target\":[\"https:\/\/www.mobiltesino.it\/de\/\"]}]},{\"@type\":\"ImageObject\",\"inLanguage\":\"de\",\"@id\":\"https:\/\/www.mobiltesino.it\/de\/#primaryimage\",\"url\":\"https:\/\/www.mobiltesino.it\/wp-content\/uploads\/2021\/03\/cropped-logo-1.png\",\"contentUrl\":\"https:\/\/www.mobiltesino.it\/wp-content\/uploads\/2021\/03\/cropped-logo-1.png\"},{\"@type\":\"BreadcrumbList\",\"@id\":\"https:\/\/www.mobiltesino.it\/de\/#breadcrumb\",\"itemListElement\":[{\"@type\":\"ListItem\",\"position\":1,\"name\":\"Home\",\"item\":\"https:\/\/www.mobiltesino.it\/de\/\"},{\"@type\":\"ListItem\",\"position\":2,\"name\":\"home\"}]},{\"@type\":\"WebSite\",\"@id\":\"https:\/\/www.mobiltesino.it\/#website\",\"url\":\"https:\/\/www.mobiltesino.it\/\",\"name\":\"Mobiltesino Atelier dal 1978\",\"description\":\"Mobiltesino Atelier dal 1978\",\"publisher\":{\"@id\":\"https:\/\/www.mobiltesino.it\/#organization\"},\"potentialAction\":[{\"@type\":\"SearchAction\",\"target\":{\"@type\":\"EntryPoint\",\"urlTemplate\":\"https:\/\/www.mobiltesino.it\/?s={search_term_string}\"},\"query-input\":{\"@type\":\"PropertyValueSpecification\",\"valueRequired\":true,\"valueName\":\"search_term_string\"}}],\"inLanguage\":\"de\"},{\"@type\":\"Organization\",\"@id\":\"https:\/\/www.mobiltesino.it\/#organization\",\"name\":\"Mobiltesino Atelier dal 1978\",\"url\":\"https:\/\/www.mobiltesino.it\/\",\"logo\":{\"@type\":\"ImageObject\",\"inLanguage\":\"de\",\"@id\":\"https:\/\/www.mobiltesino.it\/#\/schema\/logo\/image\/\",\"url\":\"https:\/\/www.mobiltesino.it\/wp-content\/uploads\/2021\/03\/cropped-logo-1.png\",\"contentUrl\":\"https:\/\/www.mobiltesino.it\/wp-content\/uploads\/2021\/03\/cropped-logo-1.png\",\"width\":350,\"height\":130,\"caption\":\"Mobiltesino Atelier dal 1978\"},\"image\":{\"@id\":\"https:\/\/www.mobiltesino.it\/#\/schema\/logo\/image\/\"}}]}<\/script>\n<!-- \/ Yoast SEO plugin. -->","yoast_head_json":{"title":"home - Mobiltesino Atelier dal 1978","robots":{"index":"index","follow":"follow","max-snippet":"max-snippet:-1","max-image-preview":"max-image-preview:large","max-video-preview":"max-video-preview:-1"},"canonical":"https:\/\/www.mobiltesino.it\/de\/","og_locale":"de_DE","og_type":"article","og_title":"home - Mobiltesino Atelier dal 1978","og_description":"ITA ENG DEU Das mobiliar wird zu architekturLuxor &#8211; Eine Kollektion die f\u00fcr das Zuhause konzipiert wurdeLuxor KollektionEinf\u00fchrung der Kollektion Millerighe ColorMillerighe Color ist die Weiterentwicklung von Superluce Millerighe.mehr erfahrenDer entscheidende Charakter perfekten Harmonie der Materialien Superluce Devor\u00e9 Kollektiondie kompositorische Wesentlichkeitzu ihrer Ausdruckskraft machen.Superluce Millerighe Kollektionminimale Sch\u00f6nheitaus einzigartigen DetailsUrban+ KollektionPasswort: Pers\u00f6nlichkeitRaum f\u00fcr die Essenz des [&hellip;]","og_url":"https:\/\/www.mobiltesino.it\/de\/","og_site_name":"Mobiltesino Atelier dal 1978","article_modified_time":"2026-02-26T11:22:36+00:00","og_image":[{"url":"https:\/\/www.mobiltesino.it\/wp-content\/uploads\/2021\/03\/cropped-logo-1.png"}],"twitter_card":"summary_large_image","twitter_misc":{"Gesch\u00e4tzte Lesezeit":"11 Minuten"},"schema":{"@context":"https:\/\/schema.org","@graph":[{"@type":"WebPage","@id":"https:\/\/www.mobiltesino.it\/de\/","url":"https:\/\/www.mobiltesino.it\/de\/","name":"home - Mobiltesino Atelier dal 1978","isPartOf":{"@id":"https:\/\/www.mobiltesino.it\/#website"},"primaryImageOfPage":{"@id":"https:\/\/www.mobiltesino.it\/de\/#primaryimage"},"image":{"@id":"https:\/\/www.mobiltesino.it\/de\/#primaryimage"},"thumbnailUrl":"https:\/\/www.mobiltesino.it\/wp-content\/uploads\/2021\/03\/cropped-logo-1.png","datePublished":"2021-03-19T10:32:39+00:00","dateModified":"2026-02-26T11:22:36+00:00","breadcrumb":{"@id":"https:\/\/www.mobiltesino.it\/de\/#breadcrumb"},"inLanguage":"de","potentialAction":[{"@type":"ReadAction","target":["https:\/\/www.mobiltesino.it\/de\/"]}]},{"@type":"ImageObject","inLanguage":"de","@id":"https:\/\/www.mobiltesino.it\/de\/#primaryimage","url":"https:\/\/www.mobiltesino.it\/wp-content\/uploads\/2021\/03\/cropped-logo-1.png","contentUrl":"https:\/\/www.mobiltesino.it\/wp-content\/uploads\/2021\/03\/cropped-logo-1.png"},{"@type":"BreadcrumbList","@id":"https:\/\/www.mobiltesino.it\/de\/#breadcrumb","itemListElement":[{"@type":"ListItem","position":1,"name":"Home","item":"https:\/\/www.mobiltesino.it\/de\/"},{"@type":"ListItem","position":2,"name":"home"}]},{"@type":"WebSite","@id":"https:\/\/www.mobiltesino.it\/#website","url":"https:\/\/www.mobiltesino.it\/","name":"Mobiltesino Atelier dal 1978","description":"Mobiltesino Atelier dal 1978","publisher":{"@id":"https:\/\/www.mobiltesino.it\/#organization"},"potentialAction":[{"@type":"SearchAction","target":{"@type":"EntryPoint","urlTemplate":"https:\/\/www.mobiltesino.it\/?s={search_term_string}"},"query-input":{"@type":"PropertyValueSpecification","valueRequired":true,"valueName":"search_term_string"}}],"inLanguage":"de"},{"@type":"Organization","@id":"https:\/\/www.mobiltesino.it\/#organization","name":"Mobiltesino Atelier dal 1978","url":"https:\/\/www.mobiltesino.it\/","logo":{"@type":"ImageObject","inLanguage":"de","@id":"https:\/\/www.mobiltesino.it\/#\/schema\/logo\/image\/","url":"https:\/\/www.mobiltesino.it\/wp-content\/uploads\/2021\/03\/cropped-logo-1.png","contentUrl":"https:\/\/www.mobiltesino.it\/wp-content\/uploads\/2021\/03\/cropped-logo-1.png","width":350,"height":130,"caption":"Mobiltesino Atelier dal 1978"},"image":{"@id":"https:\/\/www.mobiltesino.it\/#\/schema\/logo\/image\/"}}]}},"_links":{"self":[{"href":"https:\/\/www.mobiltesino.it\/de\/wp-json\/wp\/v2\/pages\/2381"}],"collection":[{"href":"https:\/\/www.mobiltesino.it\/de\/wp-json\/wp\/v2\/pages"}],"about":[{"href":"https:\/\/www.mobiltesino.it\/de\/wp-json\/wp\/v2\/types\/page"}],"author":[{"embeddable":true,"href":"https:\/\/www.mobiltesino.it\/de\/wp-json\/wp\/v2\/users\/9"}],"replies":[{"embeddable":true,"href":"https:\/\/www.mobiltesino.it\/de\/wp-json\/wp\/v2\/comments?post=2381"}],"version-history":[{"count":10,"href":"https:\/\/www.mobiltesino.it\/de\/wp-json\/wp\/v2\/pages\/2381\/revisions"}],"predecessor-version":[{"id":15745,"href":"https:\/\/www.mobiltesino.it\/de\/wp-json\/wp\/v2\/pages\/2381\/revisions\/15745"}],"wp:attachment":[{"href":"https:\/\/www.mobiltesino.it\/de\/wp-json\/wp\/v2\/media?parent=2381"}],"wp:term":[{"taxonomy":"tax_2861","embeddable":true,"href":"https:\/\/www.mobiltesino.it\/de\/wp-json\/wp\/v2\/tax_2861?post=2381"}],"curies":[{"name":"wp","href":"https:\/\/api.w.org\/{rel}","templated":true}]}}